{"id":12516,"date":"2022-09-15T09:18:14","date_gmt":"2022-09-15T07:18:14","guid":{"rendered":"https:\/\/kunstwerk-design.de\/previews\/mundoflamenco\/?page_id=12516"},"modified":"2024-01-28T18:28:29","modified_gmt":"2024-01-28T17:28:29","slug":"visiting-paco","status":"publish","type":"page","link":"https:\/\/www.mundo-flamenco.com\/en\/paco-de-lucia\/visiting-paco\/","title":{"rendered":"Visiting Paco"},"content":{"rendered":"\t\t<div data-elementor-type=\"wp-post\" data-elementor-id=\"12516\" class=\"elementor elementor-12516 elementor-1506\" data-elementor-post-type=\"page\">\n\t\t\t\t\t\t<section class=\"elementor-section elementor-top-section elementor-element elementor-element-cc30691 elementor-section-height-min-height elementor-section-items-bottom elementor-section-boxed elementor-section-height-default\" data-id=\"cc30691\" data-element_type=\"section\" data-e-type=\"section\">\n\t\t\t\t\t\t<div class=\"elementor-container elementor-column-gap-default\">\n\t\t\t\t\t<div class=\"elementor-column elementor-col-100 elementor-top-column elementor-element elementor-element-567643c\" data-id=\"567643c\" data-element_type=\"column\" data-e-type=\"column\">\n\t\t\t<div class=\"elementor-widget-wrap elementor-element-populated\">\n\t\t\t\t\t\t<div class=\"elementor-element elementor-element-0d03c0a elementor-widget elementor-widget-heading\" data-id=\"0d03c0a\" data-element_type=\"widget\" data-e-type=\"widget\" data-widget_type=\"heading.default\">\n\t\t\t\t<div class=\"elementor-widget-container\">\n\t\t\t\t\t<h1 class=\"elementor-heading-title elementor-size-default\">A Highligt in 2010: a visit to Paco de Lucia with the Californian guitar builder Lester DeVoe.<\/h1>\t\t\t\t<\/div>\n\t\t\t\t<\/div>\n\t\t\t\t\t<\/div>\n\t\t<\/div>\n\t\t\t\t\t<\/div>\n\t\t<\/section>\n\t\t\t\t<section class=\"elementor-section elementor-top-section elementor-element elementor-element-40b582f elementor-section-boxed elementor-section-height-default elementor-section-height-default\" data-id=\"40b582f\" data-element_type=\"section\" data-e-type=\"section\">\n\t\t\t\t\t\t<div class=\"elementor-container elementor-column-gap-default\">\n\t\t\t\t\t<div class=\"elementor-column elementor-col-100 elementor-top-column elementor-element elementor-element-a1dafd9\" data-id=\"a1dafd9\" data-element_type=\"column\" data-e-type=\"column\">\n\t\t\t<div class=\"elementor-widget-wrap elementor-element-populated\">\n\t\t\t\t\t\t<div class=\"elementor-element elementor-element-d4903aa elementor-widget elementor-widget-image\" data-id=\"d4903aa\" data-element_type=\"widget\" data-e-type=\"widget\" data-widget_type=\"image.default\">\n\t\t\t\t<div class=\"elementor-widget-container\">\n\t\t\t\t\t\t\t\t\t\t\t\t\t\t\t<img fetchpriority=\"high\" decoding=\"async\" width=\"1200\" height=\"662\" src=\"https:\/\/www.mundo-flamenco.com\/wp-content\/uploads\/2022\/09\/mundo_flamenco_paco_zubesuchbeipacodelucia_01-1.jpg\" class=\"attachment-full size-full wp-image-1665\" alt=\"\" srcset=\"https:\/\/www.mundo-flamenco.com\/wp-content\/uploads\/2022\/09\/mundo_flamenco_paco_zubesuchbeipacodelucia_01-1.jpg 1200w, https:\/\/www.mundo-flamenco.com\/wp-content\/uploads\/2022\/09\/mundo_flamenco_paco_zubesuchbeipacodelucia_01-1-300x166.jpg 300w, https:\/\/www.mundo-flamenco.com\/wp-content\/uploads\/2022\/09\/mundo_flamenco_paco_zubesuchbeipacodelucia_01-1-1024x565.jpg 1024w, https:\/\/www.mundo-flamenco.com\/wp-content\/uploads\/2022\/09\/mundo_flamenco_paco_zubesuchbeipacodelucia_01-1-768x424.jpg 768w\" sizes=\"(max-width: 1200px) 100vw, 1200px\" \/>\t\t\t\t\t\t\t\t\t\t\t\t\t\t\t<\/div>\n\t\t\t\t<\/div>\n\t\t\t\t\t<\/div>\n\t\t<\/div>\n\t\t\t\t\t<\/div>\n\t\t<\/section>\n\t\t\t\t<section class=\"elementor-section elementor-top-section elementor-element elementor-element-909a73e elementor-section-boxed elementor-section-height-default elementor-section-height-default\" data-id=\"909a73e\" data-element_type=\"section\" data-e-type=\"section\">\n\t\t\t\t\t\t<div class=\"elementor-container elementor-column-gap-default\">\n\t\t\t\t\t<div class=\"elementor-column elementor-col-50 elementor-top-column elementor-element elementor-element-edfe103\" data-id=\"edfe103\" data-element_type=\"column\" data-e-type=\"column\">\n\t\t\t<div class=\"elementor-widget-wrap elementor-element-populated\">\n\t\t\t\t\t\t<div class=\"elementor-element elementor-element-c115837 elementor-widget elementor-widget-text-editor\" data-id=\"c115837\" data-element_type=\"widget\" data-e-type=\"widget\" data-widget_type=\"text-editor.default\">\n\t\t\t\t<div class=\"elementor-widget-container\">\n\t\t\t\t\t\t\t\t\t<h2>Visit of Paco de Lucia in his house in spain.<\/h2><p>I traveled through Spain with the American guitar builder Lester DeVoe and his friend, the photographer David Keene, for 10 days in October 2010. The main reason for the trip was to bring a new guitar to Paco de Luc\u00eda, actually three instruments from which Paco was to select one.<\/p><p>Departure: Wednesday evening at 11 p.m. from Euro Airport Basel Mulhouse to Palma de Mallorca. A general strike in Spain already interfered with my plans right at the start. I was supposed to fly Wednesday morning, but the flight was postponed to Wednesday night. We were already told when we were on the plane that we first had to fly to Frankfurt to wait until the end of the general strike. We were finally above to take off around 1 a.m. We were able to depart from Frankfurt and reached Palma around 3 a.m.<\/p>\t\t\t\t\t\t\t\t<\/div>\n\t\t\t\t<\/div>\n\t\t\t\t\t<\/div>\n\t\t<\/div>\n\t\t\t\t<div class=\"elementor-column elementor-col-50 elementor-top-column elementor-element elementor-element-52d277d\" data-id=\"52d277d\" data-element_type=\"column\" data-e-type=\"column\">\n\t\t\t<div class=\"elementor-widget-wrap elementor-element-populated\">\n\t\t\t\t\t\t<div class=\"elementor-element elementor-element-4f4f2f8 elementor-widget elementor-widget-text-editor\" data-id=\"4f4f2f8\" data-element_type=\"widget\" data-e-type=\"widget\" data-widget_type=\"text-editor.default\">\n\t\t\t\t<div class=\"elementor-widget-container\">\n\t\t\t\t\t\t\t\t\t<p>Of course, there were no more buses at that time. The only possibility for continuing was to rent a car. As a result, I was finally only able to get to bed around 5 a.m. After breakfast, I met Lester, who had already arrived the day before. Then we drove to the airport to pick up Lester&#8217;s friend David.<\/p><p>We had an appointment in the afternoon to take the three guitars to Paco at his home, the 3rd of which David had brought from America. Lester had already brought the other two with him on Wednesday. Paco was a bit baffled, because he was not sure which one he wanted. Three guitars were obviously too many for him, and it was too much for him to make a quick decision. Because I have a lot of experience in trying out guitars, Paco asked my advice, and together we found the guitar after a very short time, which fit his style best.<\/p>\t\t\t\t\t\t\t\t<\/div>\n\t\t\t\t<\/div>\n\t\t\t\t\t<\/div>\n\t\t<\/div>\n\t\t\t\t\t<\/div>\n\t\t<\/section>\n\t\t\t\t<section class=\"elementor-section elementor-top-section elementor-element elementor-element-c5d39a5 elementor-section-boxed elementor-section-height-default elementor-section-height-default\" data-id=\"c5d39a5\" data-element_type=\"section\" data-e-type=\"section\">\n\t\t\t\t\t\t<div class=\"elementor-container elementor-column-gap-default\">\n\t\t\t\t\t<div class=\"elementor-column elementor-col-100 elementor-top-column elementor-element elementor-element-b89de8b\" data-id=\"b89de8b\" data-element_type=\"column\" data-e-type=\"column\">\n\t\t\t<div class=\"elementor-widget-wrap elementor-element-populated\">\n\t\t\t\t\t\t<div class=\"elementor-element elementor-element-d636067 elementor--h-position-left elementor--v-position-bottom elementor-arrows-position-inside elementor-pagination-position-inside elementor-widget elementor-widget-slides\" data-id=\"d636067\" data-element_type=\"widget\" data-e-type=\"widget\" data-settings=\"{&quot;transition&quot;:&quot;fade&quot;,&quot;navigation&quot;:&quot;both&quot;,&quot;autoplay&quot;:&quot;yes&quot;,&quot;autoplay_speed&quot;:5000,&quot;infinite&quot;:&quot;yes&quot;,&quot;transition_speed&quot;:500}\" data-widget_type=\"slides.default\">\n\t\t\t\t<div class=\"elementor-widget-container\">\n\t\t\t\t\t\t\t\t\t<div class=\"elementor-swiper\">\n\t\t\t\t\t<div class=\"elementor-slides-wrapper elementor-main-swiper swiper\" role=\"region\" aria-roledescription=\"carousel\" aria-label=\"Slides\" dir=\"ltr\" data-animation=\"\">\n\t\t\t\t<div class=\"swiper-wrapper elementor-slides\">\n\t\t\t\t\t\t\t\t\t\t<div class=\"elementor-repeater-item-2eec5a8 swiper-slide\" role=\"group\" aria-roledescription=\"slide\"><div class=\"swiper-slide-bg\" role=\"img\" aria-label=\"mundo_flamenco_paco_zubesuchbeipacodelucia_02\"><\/div><div class=\"swiper-slide-inner\" ><div class=\"swiper-slide-contents\"><div class=\"elementor-slide-description\">Me and Lester DeVoe<\/div><\/div><\/div><\/div><div class=\"elementor-repeater-item-b00b818 swiper-slide\" role=\"group\" aria-roledescription=\"slide\"><div class=\"swiper-slide-bg\" role=\"img\" aria-label=\"mundo_flamenco_paco_zubesuchbeipacodelucia_03\"><\/div><div class=\"swiper-slide-inner\" ><div class=\"swiper-slide-contents\"><div class=\"elementor-slide-description\">Lester and David\n\n<\/div><\/div><\/div><\/div><div class=\"elementor-repeater-item-9d75b02 swiper-slide\" role=\"group\" aria-roledescription=\"slide\"><div class=\"swiper-slide-bg\" role=\"img\" aria-label=\"mundo_flamenco_paco_zubesuchbeipacodelucia_04\"><\/div><div class=\"swiper-slide-inner\" ><div class=\"swiper-slide-contents\"><div class=\"elementor-slide-description\">David, Paco and Lester\n\n<\/div><\/div><\/div><\/div><div class=\"elementor-repeater-item-768919b swiper-slide\" role=\"group\" aria-roledescription=\"slide\"><div class=\"swiper-slide-bg\" role=\"img\" aria-label=\"mundo_flamenco_paco_zubesuchbeipacodelucia_05\"><\/div><div class=\"swiper-slide-inner\" ><div class=\"swiper-slide-contents\"><div class=\"elementor-slide-description\">Paco and Johannes testing the guitars<\/div><\/div><\/div><\/div><div class=\"elementor-repeater-item-42c2bdf swiper-slide\" role=\"group\" aria-roledescription=\"slide\"><div class=\"swiper-slide-bg\" role=\"img\" aria-label=\"mundo_flamenco_paco_zubesuchbeipacodelucia_06\"><\/div><div class=\"swiper-slide-inner\" ><div class=\"swiper-slide-contents\"><div class=\"elementor-slide-description\">Pacos Concert in Palma de Mallorca\n\n<\/div><\/div><\/div><\/div><div class=\"elementor-repeater-item-6bb7758 swiper-slide\" role=\"group\" aria-roledescription=\"slide\"><div class=\"swiper-slide-bg\" role=\"img\" aria-label=\"mundo_flamenco_paco_zubesuchbeipacodelucia_07\"><\/div><div class=\"swiper-slide-inner\" ><div class=\"swiper-slide-contents\"><div class=\"elementor-slide-description\">Paco tries one of my capodasters\n<\/div><\/div><\/div><\/div><div class=\"elementor-repeater-item-957b3bd swiper-slide\" role=\"group\" aria-roledescription=\"slide\"><div class=\"swiper-slide-bg\" role=\"img\" aria-label=\"mundo_flamenco_paco_zubesuchbeipacodelucia_08\"><\/div><div class=\"swiper-slide-inner\" ><div class=\"swiper-slide-contents\"><div class=\"elementor-slide-description\">Paco and Lester\n\n<\/div><\/div><\/div><\/div><div class=\"elementor-repeater-item-039461a swiper-slide\" role=\"group\" aria-roledescription=\"slide\"><div class=\"swiper-slide-bg\" role=\"img\" aria-label=\"mundo_flamenco_paco_zubesuchbeipacodelucia_01\"><\/div><div class=\"swiper-slide-inner\" ><div class=\"swiper-slide-contents\"><div class=\"elementor-slide-description\">Paco and me comparing the new Lester DeVoe guitars\n<\/div><\/div><\/div><\/div><div class=\"elementor-repeater-item-02f10b4 swiper-slide\" role=\"group\" aria-roledescription=\"slide\"><div class=\"swiper-slide-bg\" role=\"img\" aria-label=\"mundo_flamenco_paco_zubesuchbeipacodelucia_10\"><\/div><div class=\"swiper-slide-inner\" ><div class=\"swiper-slide-contents\"><div class=\"elementor-slide-description\">Paco with his new Lester DeVoe guitar\n\n<\/div><\/div><\/div><\/div><div class=\"elementor-repeater-item-a7cc2a9 swiper-slide\" role=\"group\" aria-roledescription=\"slide\"><div class=\"swiper-slide-bg\" role=\"img\" aria-label=\"mundo_flamenco_paco_zubesuchbeipacodelucia_09\"><\/div><div class=\"swiper-slide-inner\" ><div class=\"swiper-slide-contents\"><div class=\"elementor-slide-description\">Pacos new Lester DeVoe guitar\n\n<\/div><\/div><\/div><\/div>\t\t\t\t<\/div>\n\t\t\t\t\t\t\t\t\t\t\t\t\t\t\t<div class=\"elementor-swiper-button elementor-swiper-button-prev\" role=\"button\" tabindex=\"0\" aria-label=\"Previous slide\">\n\t\t\t\t\t\t\t<i aria-hidden=\"true\" class=\"eicon-chevron-left\"><\/i>\t\t\t\t\t\t<\/div>\n\t\t\t\t\t\t<div class=\"elementor-swiper-button elementor-swiper-button-next\" role=\"button\" tabindex=\"0\" aria-label=\"Next slide\">\n\t\t\t\t\t\t\t<i aria-hidden=\"true\" class=\"eicon-chevron-right\"><\/i>\t\t\t\t\t\t<\/div>\n\t\t\t\t\t\t\t\t\t\t\t\t\t\t\t\t<div class=\"swiper-pagination\"><\/div>\n\t\t\t\t\t\t\t\t\t\t\t\t<\/div>\n\t\t\t\t<\/div>\n\t\t\t\t\t\t\t\t<\/div>\n\t\t\t\t<\/div>\n\t\t\t\t\t<\/div>\n\t\t<\/div>\n\t\t\t\t\t<\/div>\n\t\t<\/section>\n\t\t\t\t<section class=\"elementor-section elementor-top-section elementor-element elementor-element-b4c1671 elementor-section-boxed elementor-section-height-default elementor-section-height-default\" data-id=\"b4c1671\" data-element_type=\"section\" data-e-type=\"section\">\n\t\t\t\t\t\t<div class=\"elementor-container elementor-column-gap-default\">\n\t\t\t\t\t<div class=\"elementor-column elementor-col-50 elementor-top-column elementor-element elementor-element-f5b2c61\" data-id=\"f5b2c61\" data-element_type=\"column\" data-e-type=\"column\">\n\t\t\t<div class=\"elementor-widget-wrap elementor-element-populated\">\n\t\t\t\t\t\t<div class=\"elementor-element elementor-element-66a0624 elementor-widget elementor-widget-text-editor\" data-id=\"66a0624\" data-element_type=\"widget\" data-e-type=\"widget\" data-widget_type=\"text-editor.default\">\n\t\t\t\t<div class=\"elementor-widget-container\">\n\t\t\t\t\t\t\t\t\t<p class=\"bodytext\">Then we took a few souvenir snapshots and said goodbye to Paco. It was two days before his Spain tour, and he had his first concert on Saturday, which was recorded for a live CD. He was obviously very tense, because he still had to arrange a few new pieces for the concert.<br \/>He picked out a few capos, which I had brought him. Pros always need capos, and Paco almost always plays with capos that have a peg, exactly as the ones I produce.<\/p>\t\t\t\t\t\t\t\t<\/div>\n\t\t\t\t<\/div>\n\t\t\t\t\t<\/div>\n\t\t<\/div>\n\t\t\t\t<div class=\"elementor-column elementor-col-50 elementor-top-column elementor-element elementor-element-3e58727\" data-id=\"3e58727\" data-element_type=\"column\" data-e-type=\"column\">\n\t\t\t<div class=\"elementor-widget-wrap elementor-element-populated\">\n\t\t\t\t\t\t<div class=\"elementor-element elementor-element-f841f6b elementor-widget elementor-widget-text-editor\" data-id=\"f841f6b\" data-element_type=\"widget\" data-e-type=\"widget\" data-widget_type=\"text-editor.default\">\n\t\t\t\t<div class=\"elementor-widget-container\">\n\t\t\t\t\t\t\t\t\t<p>We had tickets for the concert given by Paco in Palma Saturday evening. It was a great concert, and he really played well. Unfortunately, there was an embarrassing mishap. It was announced over the loudspeaker before the concert that there would be an intermission. After a great hour of play, Paco introduced the members of his band and then left the stage with them. Everybody thought that this was the intermission, but it was discovered after half an hour that the concert was over and nobody had noticed. That cost Paco a lot of applause and the audience a few encores. Something like that is really embarrassing.<\/p>\t\t\t\t\t\t\t\t<\/div>\n\t\t\t\t<\/div>\n\t\t\t\t\t<\/div>\n\t\t<\/div>\n\t\t\t\t\t<\/div>\n\t\t<\/section>\n\t\t\t\t<section class=\"elementor-section elementor-top-section elementor-element elementor-element-023998f elementor-section-boxed elementor-section-height-default elementor-section-height-default\" data-id=\"023998f\" data-element_type=\"section\" data-e-type=\"section\">\n\t\t\t\t\t\t<div class=\"elementor-container elementor-column-gap-default\">\n\t\t\t\t\t<div class=\"elementor-column elementor-col-50 elementor-top-column elementor-element elementor-element-165618d\" data-id=\"165618d\" data-element_type=\"column\" data-e-type=\"column\">\n\t\t\t<div class=\"elementor-widget-wrap elementor-element-populated\">\n\t\t\t\t\t\t<div class=\"elementor-element elementor-element-233f04e elementor-widget elementor-widget-heading\" data-id=\"233f04e\" data-element_type=\"widget\" data-e-type=\"widget\" data-widget_type=\"heading.default\">\n\t\t\t\t<div class=\"elementor-widget-container\">\n\t\t\t\t\t<h2 class=\"elementor-heading-title elementor-size-default\">Madrid<\/h2>\t\t\t\t<\/div>\n\t\t\t\t<\/div>\n\t\t\t\t<div class=\"elementor-element elementor-element-2289866 elementor-widget elementor-widget-text-editor\" data-id=\"2289866\" data-element_type=\"widget\" data-e-type=\"widget\" data-widget_type=\"text-editor.default\">\n\t\t\t\t<div class=\"elementor-widget-container\">\n\t\t\t\t\t\t\t\t\t<p class=\"bodytext\">Lester and David flew to Madrid, and I took the night ferry to Valencia. I took the two other guitars, which I wanted to bring to the Sanchis brothers, so that they could send them to me to Germany. The trip was strenuous, and I barely slept. David Sanch\u00eds was kind enough to pick me up at the harbor. Then I tried out guitars for a few hours and took the train to the Madrid in the early afternoon. I had barely arrived in Madrid and hardly had time to take my things to the hotel when I had to rush to Amor de Dios. We had arranged to meet Viejin, who want to give the guitar back to Lester, which he had received one year earlier. He was unfortunately unable to pay for it, because he had a bad arm injury, which had prevented him from giving concerts for many months. This of course had had a terrible effect on his finances.<\/p><p class=\"bodytext\">\u00a0<\/p>\t\t\t\t\t\t\t\t<\/div>\n\t\t\t\t<\/div>\n\t\t\t\t\t<\/div>\n\t\t<\/div>\n\t\t\t\t<div class=\"elementor-column elementor-col-50 elementor-top-column elementor-element elementor-element-caca31f\" data-id=\"caca31f\" data-element_type=\"column\" data-e-type=\"column\">\n\t\t\t<div class=\"elementor-widget-wrap elementor-element-populated\">\n\t\t\t\t\t\t<div class=\"elementor-element elementor-element-cc0adc4 elementor-widget elementor-widget-text-editor\" data-id=\"cc0adc4\" data-element_type=\"widget\" data-e-type=\"widget\" data-widget_type=\"text-editor.default\">\n\t\t\t\t<div class=\"elementor-widget-container\">\n\t\t\t\t\t\t\t\t\t<p class=\"bodytext\">Viejin had invited us to visit a mass in a gypsy church (el Culto). It was a very interesting evening, because the gypsies of course sung and played a lot. Then we hurried to Teatro Real, because Paco gave his second concert there. Unfortunately, we did not get any tickets that evening and were limited to saying hello after the concert. Of course, everyone who is anyone was there. Tomatito, Ni\u00f1o Josele, Pepe de Lucia, Duquende and many others were swarming through the corridors of the theater, and you bumped into a famous flamenco personality at every corner. We soon left, because Paco was hopelessly overtaxed with so many acquaintances; he simply wanted some peace and quiet after the concert.<\/p><p class=\"bodytext\">We explored Madrid on Tuesday, a great city with infinite possibilities for passing the time savoring the cultural and culinary delights. We had dinner together and then met Amir Haddad, with whom we wound up in Casa Patas. We ran into the famous guitar builder Arcangel Fernandez on the way there, who also joined us.<br \/>It was a long night, as you can imagine.<\/p><p class=\"bodytext\">We returned to Madrid Saturday evening. Amir had invited us to spend the weekend with him, which we gratefully accepted. Sightseeing tour on Sunday to the royal residence Escorial, and then David, our private and court photographer, filmed Amir playing various instruments (Lute, bousouki and guitar) for an hour.<\/p>\t\t\t\t\t\t\t\t<\/div>\n\t\t\t\t<\/div>\n\t\t\t\t\t<\/div>\n\t\t<\/div>\n\t\t\t\t\t<\/div>\n\t\t<\/section>\n\t\t\t\t<section class=\"elementor-section elementor-top-section elementor-element elementor-element-10148e1 elementor-section-boxed elementor-section-height-default elementor-section-height-default\" data-id=\"10148e1\" data-element_type=\"section\" data-e-type=\"section\">\n\t\t\t\t\t\t<div class=\"elementor-container elementor-column-gap-default\">\n\t\t\t\t\t<div class=\"elementor-column elementor-col-100 elementor-top-column elementor-element elementor-element-b6da5e6\" data-id=\"b6da5e6\" data-element_type=\"column\" data-e-type=\"column\">\n\t\t\t<div class=\"elementor-widget-wrap elementor-element-populated\">\n\t\t\t\t\t\t<div class=\"elementor-element elementor-element-fcd420b elementor--h-position-left elementor--v-position-bottom elementor-arrows-position-inside elementor-pagination-position-inside elementor-widget elementor-widget-slides\" data-id=\"fcd420b\" data-element_type=\"widget\" data-e-type=\"widget\" data-settings=\"{&quot;transition&quot;:&quot;fade&quot;,&quot;navigation&quot;:&quot;both&quot;,&quot;autoplay&quot;:&quot;yes&quot;,&quot;autoplay_speed&quot;:5000,&quot;infinite&quot;:&quot;yes&quot;,&quot;transition_speed&quot;:500}\" data-widget_type=\"slides.default\">\n\t\t\t\t<div class=\"elementor-widget-container\">\n\t\t\t\t\t\t\t\t\t<div class=\"elementor-swiper\">\n\t\t\t\t\t<div class=\"elementor-slides-wrapper elementor-main-swiper swiper\" role=\"region\" aria-roledescription=\"carousel\" aria-label=\"Slides\" dir=\"ltr\" data-animation=\"\">\n\t\t\t\t<div class=\"swiper-wrapper elementor-slides\">\n\t\t\t\t\t\t\t\t\t\t<div class=\"elementor-repeater-item-2eec5a8 swiper-slide\" role=\"group\" aria-roledescription=\"slide\"><div class=\"swiper-slide-bg\" role=\"img\" aria-label=\"mundo_flamenco_paco_zubesuchbeipacodelucia_11\"><\/div><div class=\"swiper-slide-inner\" ><div class=\"swiper-slide-contents\"><div class=\"elementor-slide-description\">Bei Amir zu Hause\n\n<\/div><\/div><\/div><\/div><div class=\"elementor-repeater-item-b00b818 swiper-slide\" role=\"group\" aria-roledescription=\"slide\"><div class=\"swiper-slide-bg\" role=\"img\" aria-label=\"mundo_flamenco_paco_zubesuchbeipacodelucia_12\"><\/div><div class=\"swiper-slide-inner\" ><div class=\"swiper-slide-contents\"><div class=\"elementor-slide-description\">Lester mit Ni\u00f1o Josele und Tomatito\n\n\n<\/div><\/div><\/div><\/div><div class=\"elementor-repeater-item-9d75b02 swiper-slide\" role=\"group\" aria-roledescription=\"slide\"><div class=\"swiper-slide-bg\" role=\"img\" aria-label=\"mundo_flamenco_paco_zubesuchbeipacodelucia_13\"><\/div><div class=\"swiper-slide-inner\" ><div class=\"swiper-slide-contents\"><div class=\"elementor-slide-description\">Lester mit Viejin und mir\n\n<\/div><\/div><\/div><\/div><div class=\"elementor-repeater-item-768919b swiper-slide\" role=\"group\" aria-roledescription=\"slide\"><div class=\"swiper-slide-bg\" role=\"img\" aria-label=\"mundo_flamenco_paco_zubesuchbeipacodelucia_14\"><\/div><div class=\"swiper-slide-inner\" ><div class=\"swiper-slide-contents\"><div class=\"elementor-slide-description\">Nach dem Konzert Begr\u00fc\u00dfung von Paco\n\n<\/div><\/div><\/div><\/div>\t\t\t\t<\/div>\n\t\t\t\t\t\t\t\t\t\t\t\t\t\t\t<div class=\"elementor-swiper-button elementor-swiper-button-prev\" role=\"button\" tabindex=\"0\" aria-label=\"Previous slide\">\n\t\t\t\t\t\t\t<i aria-hidden=\"true\" class=\"eicon-chevron-left\"><\/i>\t\t\t\t\t\t<\/div>\n\t\t\t\t\t\t<div class=\"elementor-swiper-button elementor-swiper-button-next\" role=\"button\" tabindex=\"0\" aria-label=\"Next slide\">\n\t\t\t\t\t\t\t<i aria-hidden=\"true\" class=\"eicon-chevron-right\"><\/i>\t\t\t\t\t\t<\/div>\n\t\t\t\t\t\t\t\t\t\t\t\t\t\t\t\t<div class=\"swiper-pagination\"><\/div>\n\t\t\t\t\t\t\t\t\t\t\t\t<\/div>\n\t\t\t\t<\/div>\n\t\t\t\t\t\t\t\t<\/div>\n\t\t\t\t<\/div>\n\t\t\t\t\t<\/div>\n\t\t<\/div>\n\t\t\t\t\t<\/div>\n\t\t<\/section>\n\t\t\t\t<section class=\"elementor-section elementor-top-section elementor-element elementor-element-87e8597 elementor-section-boxed elementor-section-height-default elementor-section-height-default\" data-id=\"87e8597\" data-element_type=\"section\" data-e-type=\"section\">\n\t\t\t\t\t\t<div class=\"elementor-container elementor-column-gap-default\">\n\t\t\t\t\t<div class=\"elementor-column elementor-col-50 elementor-top-column elementor-element elementor-element-f395ecf\" data-id=\"f395ecf\" data-element_type=\"column\" data-e-type=\"column\">\n\t\t\t<div class=\"elementor-widget-wrap elementor-element-populated\">\n\t\t\t\t\t\t<div class=\"elementor-element elementor-element-4072c66 elementor-widget elementor-widget-heading\" data-id=\"4072c66\" data-element_type=\"widget\" data-e-type=\"widget\" data-widget_type=\"heading.default\">\n\t\t\t\t<div class=\"elementor-widget-container\">\n\t\t\t\t\t<h2 class=\"elementor-heading-title elementor-size-default\">Granada<\/h2>\t\t\t\t<\/div>\n\t\t\t\t<\/div>\n\t\t\t\t<div class=\"elementor-element elementor-element-ac8f943 elementor-widget elementor-widget-text-editor\" data-id=\"ac8f943\" data-element_type=\"widget\" data-e-type=\"widget\" data-widget_type=\"text-editor.default\">\n\t\t\t\t<div class=\"elementor-widget-container\">\n\t\t\t\t\t\t\t\t\t<p class=\"bodytext\">We rented a car on Wednesday, and the three of us drove to Granada. I wanted very much to introduce Lester to Antonio Marin and Andr\u00e9s Marvi. We had a few great days in Granada visiting a few guitar builders such as Antonio Mar\u00edn, Manuel Bellido, Jos\u00e9 Mar\u00edn Plazuelo, Andr\u00e9s Marvi, Ren\u00e9 Baarslag and his wife Anna.<\/p>\t\t\t\t\t\t\t\t<\/div>\n\t\t\t\t<\/div>\n\t\t\t\t\t<\/div>\n\t\t<\/div>\n\t\t\t\t<div class=\"elementor-column elementor-col-50 elementor-top-column elementor-element elementor-element-940c38f\" data-id=\"940c38f\" data-element_type=\"column\" data-e-type=\"column\">\n\t\t\t<div class=\"elementor-widget-wrap elementor-element-populated\">\n\t\t\t\t\t\t<div class=\"elementor-element elementor-element-4316e6f elementor-widget elementor-widget-text-editor\" data-id=\"4316e6f\" data-element_type=\"widget\" data-e-type=\"widget\" data-widget_type=\"text-editor.default\">\n\t\t\t\t<div class=\"elementor-widget-container\">\n\t\t\t\t\t\t\t\t\t<p class=\"bodytext\">At Ren\u00e9&#8217;s, we spent a whole day on his beautiful terrace above Lanjar\u00f3n (Alpujarras). Miguel Iven was visiting him, and we tried out Ren\u00e9&#8217;s and Anna&#8217;s great guitars for hours on end.<\/p>\t\t\t\t\t\t\t\t<\/div>\n\t\t\t\t<\/div>\n\t\t\t\t\t<\/div>\n\t\t<\/div>\n\t\t\t\t\t<\/div>\n\t\t<\/section>\n\t\t\t\t<section class=\"elementor-section elementor-top-section elementor-element elementor-element-341b7ce elementor-section-boxed elementor-section-height-default elementor-section-height-default\" data-id=\"341b7ce\" data-element_type=\"section\" data-e-type=\"section\">\n\t\t\t\t\t\t<div class=\"elementor-container elementor-column-gap-default\">\n\t\t\t\t\t<div class=\"elementor-column elementor-col-100 elementor-top-column elementor-element elementor-element-22122c3\" data-id=\"22122c3\" data-element_type=\"column\" data-e-type=\"column\">\n\t\t\t<div class=\"elementor-widget-wrap elementor-element-populated\">\n\t\t\t\t\t\t<div class=\"elementor-element elementor-element-b93dbf5 elementor--h-position-left elementor--v-position-bottom elementor-arrows-position-inside elementor-pagination-position-inside elementor-widget elementor-widget-slides\" data-id=\"b93dbf5\" data-element_type=\"widget\" data-e-type=\"widget\" data-settings=\"{&quot;transition&quot;:&quot;fade&quot;,&quot;navigation&quot;:&quot;both&quot;,&quot;autoplay&quot;:&quot;yes&quot;,&quot;autoplay_speed&quot;:5000,&quot;infinite&quot;:&quot;yes&quot;,&quot;transition_speed&quot;:500}\" data-widget_type=\"slides.default\">\n\t\t\t\t<div class=\"elementor-widget-container\">\n\t\t\t\t\t\t\t\t\t<div class=\"elementor-swiper\">\n\t\t\t\t\t<div class=\"elementor-slides-wrapper elementor-main-swiper swiper\" role=\"region\" aria-roledescription=\"carousel\" aria-label=\"Slides\" dir=\"ltr\" data-animation=\"\">\n\t\t\t\t<div class=\"swiper-wrapper elementor-slides\">\n\t\t\t\t\t\t\t\t\t\t<div class=\"elementor-repeater-item-2eec5a8 swiper-slide\" role=\"group\" aria-roledescription=\"slide\"><div class=\"swiper-slide-bg\" role=\"img\" aria-label=\"mundo_flamenco_paco_zubesuchbeipacodelucia_15\"><\/div><div class=\"swiper-slide-inner\" ><div class=\"swiper-slide-contents\"><div class=\"elementor-slide-description\">Lester deVoe, David Keene, Andr\u00e9s Marvi, Johannes Inhoffen\n\n\n<\/div><\/div><\/div><\/div><div class=\"elementor-repeater-item-755d411 swiper-slide\" role=\"group\" aria-roledescription=\"slide\"><div class=\"swiper-slide-bg\" role=\"img\" aria-label=\"mundo_flamenco_paco_zubesuchbeipacodelucia_16\"><\/div><div class=\"swiper-slide-inner\" ><div class=\"swiper-slide-contents\"><div class=\"elementor-slide-description\">Ana Espinosa in ihrer Werkstatt\n\n\n<\/div><\/div><\/div><\/div><div class=\"elementor-repeater-item-8fc26a7 swiper-slide\" role=\"group\" aria-roledescription=\"slide\"><div class=\"swiper-slide-bg\" role=\"img\" aria-label=\"mundo_flamenco_paco_zubesuchbeipacodelucia_17\"><\/div><div class=\"swiper-slide-inner\" ><div class=\"swiper-slide-contents\"><div class=\"elementor-slide-description\">Antonio Mar\u00edn und Lester DeVoe\n\n\n<\/div><\/div><\/div><\/div><div class=\"elementor-repeater-item-863a769 swiper-slide\" role=\"group\" aria-roledescription=\"slide\"><div class=\"swiper-slide-bg\" role=\"img\" aria-label=\"mundo_flamenco_paco_zubesuchbeipacodelucia_18\"><\/div><div class=\"swiper-slide-inner\" ><div class=\"swiper-slide-contents\"><div class=\"elementor-slide-description\">Johannes Inhoffen und Andr\u00e9s Marvi in seiner Werkstatt\n\n\n<\/div><\/div><\/div><\/div><div class=\"elementor-repeater-item-34dd321 swiper-slide\" role=\"group\" aria-roledescription=\"slide\"><div class=\"swiper-slide-bg\" role=\"img\" aria-label=\"mundo_flamenco_paco_zubesuchbeipacodelucia_19\"><\/div><div class=\"swiper-slide-inner\" ><div class=\"swiper-slide-contents\"><div class=\"elementor-slide-description\">Johannes Inhoffen und Antonio Mar\u00edn in seiner Werkstatt\n\n\n<\/div><\/div><\/div><\/div><div class=\"elementor-repeater-item-fa55693 swiper-slide\" role=\"group\" aria-roledescription=\"slide\"><div class=\"swiper-slide-bg\" role=\"img\" aria-label=\"mundo_flamenco_paco_zubesuchbeipacodelucia_20\"><\/div><div class=\"swiper-slide-inner\" ><div class=\"swiper-slide-contents\"><div class=\"elementor-slide-description\">Ren\u00e9 Baarslag in seiner Werkstatt\n\n\n<\/div><\/div><\/div><\/div><div class=\"elementor-repeater-item-c4c9422 swiper-slide\" role=\"group\" aria-roledescription=\"slide\"><div class=\"swiper-slide-bg\" role=\"img\" aria-label=\"mundo_flamenco_paco_zubesuchbeipacodelucia_21\"><\/div><div class=\"swiper-slide-inner\" ><div class=\"swiper-slide-contents\"><div class=\"elementor-slide-description\">Auf der Terrasse von Ren\u00e9\n\n<\/div><\/div><\/div><\/div><div class=\"elementor-repeater-item-a6e8aba swiper-slide\" role=\"group\" aria-roledescription=\"slide\"><div class=\"swiper-slide-bg\" role=\"img\" aria-label=\"mundo_flamenco_paco_zubesuchbeipacodelucia_22\"><\/div><div class=\"swiper-slide-inner\" ><div class=\"swiper-slide-contents\"><div class=\"elementor-slide-description\">Impression aus der Werkstatt von Antonio Mar\u00edn\n\n\n<\/div><\/div><\/div><\/div>\t\t\t\t<\/div>\n\t\t\t\t\t\t\t\t\t\t\t\t\t\t\t<div class=\"elementor-swiper-button elementor-swiper-button-prev\" role=\"button\" tabindex=\"0\" aria-label=\"Previous slide\">\n\t\t\t\t\t\t\t<i aria-hidden=\"true\" class=\"eicon-chevron-left\"><\/i>\t\t\t\t\t\t<\/div>\n\t\t\t\t\t\t<div class=\"elementor-swiper-button elementor-swiper-button-next\" role=\"button\" tabindex=\"0\" aria-label=\"Next slide\">\n\t\t\t\t\t\t\t<i aria-hidden=\"true\" class=\"eicon-chevron-right\"><\/i>\t\t\t\t\t\t<\/div>\n\t\t\t\t\t\t\t\t\t\t\t\t\t\t\t\t<div class=\"swiper-pagination\"><\/div>\n\t\t\t\t\t\t\t\t\t\t\t\t<\/div>\n\t\t\t\t<\/div>\n\t\t\t\t\t\t\t\t<\/div>\n\t\t\t\t<\/div>\n\t\t\t\t\t<\/div>\n\t\t<\/div>\n\t\t\t\t\t<\/div>\n\t\t<\/section>\n\t\t\t\t<\/div>\n\t\t","protected":false},"excerpt":{"rendered":"<p>A Highligt in 2010: a visit to Paco de Lucia with the Californian guitar builder Lester DeVoe. Visit of Paco de Lucia in his house in spain. I traveled through Spain with the American guitar builder Lester DeVoe and his friend, the photographer David Keene, for 10 days in October 2010. The main reason for [&hellip;]<\/p>\n","protected":false},"author":4,"featured_media":0,"parent":12499,"menu_order":0,"comment_status":"closed","ping_status":"closed","template":"elementor_header_footer","meta":{"footnotes":""},"class_list":["post-12516","page","type-page","status-publish","hentry"],"yoast_head":"<!-- This site is optimized with the Yoast SEO plugin v27.3 - https:\/\/yoast.com\/product\/yoast-seo-wordpress\/ -->\n<title>Visiting Paco - Mundo Flamenco<\/title>\n<meta name=\"robots\" content=\"index, follow, max-snippet:-1, max-image-preview:large, max-video-preview:-1\" \/>\n<link rel=\"canonical\" href=\"https:\/\/www.mundo-flamenco.com\/en\/paco-de-lucia\/visiting-paco\/\" \/>\n<meta property=\"og:locale\" content=\"en_US\" \/>\n<meta property=\"og:type\" content=\"article\" \/>\n<meta property=\"og:title\" content=\"Visiting Paco - Mundo Flamenco\" \/>\n<meta property=\"og:description\" content=\"A Highligt in 2010: a visit to Paco de Lucia with the Californian guitar builder Lester DeVoe. Visit of Paco de Lucia in his house in spain. I traveled through Spain with the American guitar builder Lester DeVoe and his friend, the photographer David Keene, for 10 days in October 2010. The main reason for [&hellip;]\" \/>\n<meta property=\"og:url\" content=\"https:\/\/www.mundo-flamenco.com\/en\/paco-de-lucia\/visiting-paco\/\" \/>\n<meta property=\"og:site_name\" content=\"Mundo Flamenco\" \/>\n<meta property=\"article:modified_time\" content=\"2024-01-28T17:28:29+00:00\" \/>\n<meta property=\"og:image\" content=\"https:\/\/www.mundo-flamenco.com\/wp-content\/uploads\/2022\/09\/mundo_flamenco_paco_zubesuchbeipacodelucia_01-1.jpg\" \/>\n<meta name=\"twitter:card\" content=\"summary_large_image\" \/>\n<meta name=\"twitter:label1\" content=\"Est. reading time\" \/>\n\t<meta name=\"twitter:data1\" content=\"7 minutes\" \/>\n<script type=\"application\/ld+json\" class=\"yoast-schema-graph\">{\"@context\":\"https:\\\/\\\/schema.org\",\"@graph\":[{\"@type\":\"WebPage\",\"@id\":\"https:\\\/\\\/www.mundo-flamenco.com\\\/en\\\/paco-de-lucia\\\/visiting-paco\\\/\",\"url\":\"https:\\\/\\\/www.mundo-flamenco.com\\\/en\\\/paco-de-lucia\\\/visiting-paco\\\/\",\"name\":\"Visiting Paco - Mundo Flamenco\",\"isPartOf\":{\"@id\":\"https:\\\/\\\/www.mundo-flamenco.com\\\/#website\"},\"primaryImageOfPage\":{\"@id\":\"https:\\\/\\\/www.mundo-flamenco.com\\\/en\\\/paco-de-lucia\\\/visiting-paco\\\/#primaryimage\"},\"image\":{\"@id\":\"https:\\\/\\\/www.mundo-flamenco.com\\\/en\\\/paco-de-lucia\\\/visiting-paco\\\/#primaryimage\"},\"thumbnailUrl\":\"https:\\\/\\\/www.mundo-flamenco.com\\\/wp-content\\\/uploads\\\/2022\\\/09\\\/mundo_flamenco_paco_zubesuchbeipacodelucia_01-1.jpg\",\"datePublished\":\"2022-09-15T07:18:14+00:00\",\"dateModified\":\"2024-01-28T17:28:29+00:00\",\"breadcrumb\":{\"@id\":\"https:\\\/\\\/www.mundo-flamenco.com\\\/en\\\/paco-de-lucia\\\/visiting-paco\\\/#breadcrumb\"},\"inLanguage\":\"en-US\",\"potentialAction\":[{\"@type\":\"ReadAction\",\"target\":[\"https:\\\/\\\/www.mundo-flamenco.com\\\/en\\\/paco-de-lucia\\\/visiting-paco\\\/\"]}]},{\"@type\":\"ImageObject\",\"inLanguage\":\"en-US\",\"@id\":\"https:\\\/\\\/www.mundo-flamenco.com\\\/en\\\/paco-de-lucia\\\/visiting-paco\\\/#primaryimage\",\"url\":\"https:\\\/\\\/www.mundo-flamenco.com\\\/wp-content\\\/uploads\\\/2022\\\/09\\\/mundo_flamenco_paco_zubesuchbeipacodelucia_01-1.jpg\",\"contentUrl\":\"https:\\\/\\\/www.mundo-flamenco.com\\\/wp-content\\\/uploads\\\/2022\\\/09\\\/mundo_flamenco_paco_zubesuchbeipacodelucia_01-1.jpg\"},{\"@type\":\"BreadcrumbList\",\"@id\":\"https:\\\/\\\/www.mundo-flamenco.com\\\/en\\\/paco-de-lucia\\\/visiting-paco\\\/#breadcrumb\",\"itemListElement\":[{\"@type\":\"ListItem\",\"position\":1,\"name\":\"Home\",\"item\":\"https:\\\/\\\/www.mundo-flamenco.com\\\/en\\\/\"},{\"@type\":\"ListItem\",\"position\":2,\"name\":\"Paco de Lucia\",\"item\":\"https:\\\/\\\/www.mundo-flamenco.com\\\/en\\\/paco-de-lucia\\\/\"},{\"@type\":\"ListItem\",\"position\":3,\"name\":\"Visiting Paco\"}]},{\"@type\":\"WebSite\",\"@id\":\"https:\\\/\\\/www.mundo-flamenco.com\\\/#website\",\"url\":\"https:\\\/\\\/www.mundo-flamenco.com\\\/\",\"name\":\"Mundo Flamenco\",\"description\":\"Mundo Flamenco, der Spezialist f\u00fcr Flamencogitarre, Flamencogitarren\",\"publisher\":{\"@id\":\"https:\\\/\\\/www.mundo-flamenco.com\\\/#organization\"},\"potentialAction\":[{\"@type\":\"SearchAction\",\"target\":{\"@type\":\"EntryPoint\",\"urlTemplate\":\"https:\\\/\\\/www.mundo-flamenco.com\\\/?s={search_term_string}\"},\"query-input\":{\"@type\":\"PropertyValueSpecification\",\"valueRequired\":true,\"valueName\":\"search_term_string\"}}],\"inLanguage\":\"en-US\"},{\"@type\":\"Organization\",\"@id\":\"https:\\\/\\\/www.mundo-flamenco.com\\\/#organization\",\"name\":\"Mundo Flamenco\",\"url\":\"https:\\\/\\\/www.mundo-flamenco.com\\\/\",\"logo\":{\"@type\":\"ImageObject\",\"inLanguage\":\"en-US\",\"@id\":\"https:\\\/\\\/www.mundo-flamenco.com\\\/#\\\/schema\\\/logo\\\/image\\\/\",\"url\":\"https:\\\/\\\/www.mundo-flamenco.com\\\/wp-content\\\/uploads\\\/2022\\\/08\\\/mundo-flamenco-logo.png\",\"contentUrl\":\"https:\\\/\\\/www.mundo-flamenco.com\\\/wp-content\\\/uploads\\\/2022\\\/08\\\/mundo-flamenco-logo.png\",\"width\":514,\"height\":280,\"caption\":\"Mundo Flamenco\"},\"image\":{\"@id\":\"https:\\\/\\\/www.mundo-flamenco.com\\\/#\\\/schema\\\/logo\\\/image\\\/\"}}]}<\/script>\n<!-- \/ Yoast SEO plugin. -->","yoast_head_json":{"title":"Visiting Paco - Mundo Flamenco","robots":{"index":"index","follow":"follow","max-snippet":"max-snippet:-1","max-image-preview":"max-image-preview:large","max-video-preview":"max-video-preview:-1"},"canonical":"https:\/\/www.mundo-flamenco.com\/en\/paco-de-lucia\/visiting-paco\/","og_locale":"en_US","og_type":"article","og_title":"Visiting Paco - Mundo Flamenco","og_description":"A Highligt in 2010: a visit to Paco de Lucia with the Californian guitar builder Lester DeVoe. Visit of Paco de Lucia in his house in spain. I traveled through Spain with the American guitar builder Lester DeVoe and his friend, the photographer David Keene, for 10 days in October 2010. The main reason for [&hellip;]","og_url":"https:\/\/www.mundo-flamenco.com\/en\/paco-de-lucia\/visiting-paco\/","og_site_name":"Mundo Flamenco","article_modified_time":"2024-01-28T17:28:29+00:00","og_image":[{"url":"https:\/\/www.mundo-flamenco.com\/wp-content\/uploads\/2022\/09\/mundo_flamenco_paco_zubesuchbeipacodelucia_01-1.jpg","type":"","width":"","height":""}],"twitter_card":"summary_large_image","twitter_misc":{"Est. reading time":"7 minutes"},"schema":{"@context":"https:\/\/schema.org","@graph":[{"@type":"WebPage","@id":"https:\/\/www.mundo-flamenco.com\/en\/paco-de-lucia\/visiting-paco\/","url":"https:\/\/www.mundo-flamenco.com\/en\/paco-de-lucia\/visiting-paco\/","name":"Visiting Paco - Mundo Flamenco","isPartOf":{"@id":"https:\/\/www.mundo-flamenco.com\/#website"},"primaryImageOfPage":{"@id":"https:\/\/www.mundo-flamenco.com\/en\/paco-de-lucia\/visiting-paco\/#primaryimage"},"image":{"@id":"https:\/\/www.mundo-flamenco.com\/en\/paco-de-lucia\/visiting-paco\/#primaryimage"},"thumbnailUrl":"https:\/\/www.mundo-flamenco.com\/wp-content\/uploads\/2022\/09\/mundo_flamenco_paco_zubesuchbeipacodelucia_01-1.jpg","datePublished":"2022-09-15T07:18:14+00:00","dateModified":"2024-01-28T17:28:29+00:00","breadcrumb":{"@id":"https:\/\/www.mundo-flamenco.com\/en\/paco-de-lucia\/visiting-paco\/#breadcrumb"},"inLanguage":"en-US","potentialAction":[{"@type":"ReadAction","target":["https:\/\/www.mundo-flamenco.com\/en\/paco-de-lucia\/visiting-paco\/"]}]},{"@type":"ImageObject","inLanguage":"en-US","@id":"https:\/\/www.mundo-flamenco.com\/en\/paco-de-lucia\/visiting-paco\/#primaryimage","url":"https:\/\/www.mundo-flamenco.com\/wp-content\/uploads\/2022\/09\/mundo_flamenco_paco_zubesuchbeipacodelucia_01-1.jpg","contentUrl":"https:\/\/www.mundo-flamenco.com\/wp-content\/uploads\/2022\/09\/mundo_flamenco_paco_zubesuchbeipacodelucia_01-1.jpg"},{"@type":"BreadcrumbList","@id":"https:\/\/www.mundo-flamenco.com\/en\/paco-de-lucia\/visiting-paco\/#breadcrumb","itemListElement":[{"@type":"ListItem","position":1,"name":"Home","item":"https:\/\/www.mundo-flamenco.com\/en\/"},{"@type":"ListItem","position":2,"name":"Paco de Lucia","item":"https:\/\/www.mundo-flamenco.com\/en\/paco-de-lucia\/"},{"@type":"ListItem","position":3,"name":"Visiting Paco"}]},{"@type":"WebSite","@id":"https:\/\/www.mundo-flamenco.com\/#website","url":"https:\/\/www.mundo-flamenco.com\/","name":"Mundo Flamenco","description":"Mundo Flamenco, der Spezialist f\u00fcr Flamencogitarre, Flamencogitarren","publisher":{"@id":"https:\/\/www.mundo-flamenco.com\/#organization"},"potentialAction":[{"@type":"SearchAction","target":{"@type":"EntryPoint","urlTemplate":"https:\/\/www.mundo-flamenco.com\/?s={search_term_string}"},"query-input":{"@type":"PropertyValueSpecification","valueRequired":true,"valueName":"search_term_string"}}],"inLanguage":"en-US"},{"@type":"Organization","@id":"https:\/\/www.mundo-flamenco.com\/#organization","name":"Mundo Flamenco","url":"https:\/\/www.mundo-flamenco.com\/","logo":{"@type":"ImageObject","inLanguage":"en-US","@id":"https:\/\/www.mundo-flamenco.com\/#\/schema\/logo\/image\/","url":"https:\/\/www.mundo-flamenco.com\/wp-content\/uploads\/2022\/08\/mundo-flamenco-logo.png","contentUrl":"https:\/\/www.mundo-flamenco.com\/wp-content\/uploads\/2022\/08\/mundo-flamenco-logo.png","width":514,"height":280,"caption":"Mundo Flamenco"},"image":{"@id":"https:\/\/www.mundo-flamenco.com\/#\/schema\/logo\/image\/"}}]}},"_links":{"self":[{"href":"https:\/\/www.mundo-flamenco.com\/en\/wp-json\/wp\/v2\/pages\/12516","targetHints":{"allow":["GET"]}}],"collection":[{"href":"https:\/\/www.mundo-flamenco.com\/en\/wp-json\/wp\/v2\/pages"}],"about":[{"href":"https:\/\/www.mundo-flamenco.com\/en\/wp-json\/wp\/v2\/types\/page"}],"author":[{"embeddable":true,"href":"https:\/\/www.mundo-flamenco.com\/en\/wp-json\/wp\/v2\/users\/4"}],"replies":[{"embeddable":true,"href":"https:\/\/www.mundo-flamenco.com\/en\/wp-json\/wp\/v2\/comments?post=12516"}],"version-history":[{"count":20,"href":"https:\/\/www.mundo-flamenco.com\/en\/wp-json\/wp\/v2\/pages\/12516\/revisions"}],"predecessor-version":[{"id":13101,"href":"https:\/\/www.mundo-flamenco.com\/en\/wp-json\/wp\/v2\/pages\/12516\/revisions\/13101"}],"up":[{"embeddable":true,"href":"https:\/\/www.mundo-flamenco.com\/en\/wp-json\/wp\/v2\/pages\/12499"}],"wp:attachment":[{"href":"https:\/\/www.mundo-flamenco.com\/en\/wp-json\/wp\/v2\/media?parent=12516"}],"curies":[{"name":"wp","href":"https:\/\/api.w.org\/{rel}","templated":true}]}}