{"id":12614,"date":"2022-09-14T10:57:47","date_gmt":"2022-09-14T08:57:47","guid":{"rendered":"https:\/\/kunstwerk-design.de\/previews\/mundoflamenco\/?page_id=12614"},"modified":"2024-01-26T14:44:11","modified_gmt":"2024-01-26T13:44:11","slug":"guitarbuilders","status":"publish","type":"page","link":"https:\/\/www.mundo-flamenco.com\/en\/useful-information\/guitarbuilders\/","title":{"rendered":"Guitarbuilders"},"content":{"rendered":"\t\t<div data-elementor-type=\"wp-post\" data-elementor-id=\"12614\" class=\"elementor elementor-12614 elementor-1145\" data-elementor-post-type=\"page\">\n\t\t\t\t\t\t<section class=\"elementor-section elementor-top-section elementor-element elementor-element-cc30691 elementor-section-height-min-height elementor-section-items-bottom elementor-section-boxed elementor-section-height-default\" data-id=\"cc30691\" data-element_type=\"section\" data-e-type=\"section\">\n\t\t\t\t\t\t<div class=\"elementor-container elementor-column-gap-default\">\n\t\t\t\t\t<div class=\"elementor-column elementor-col-100 elementor-top-column elementor-element elementor-element-567643c\" data-id=\"567643c\" data-element_type=\"column\" data-e-type=\"column\">\n\t\t\t<div class=\"elementor-widget-wrap elementor-element-populated\">\n\t\t\t\t\t\t<div class=\"elementor-element elementor-element-0d03c0a elementor-widget elementor-widget-heading\" data-id=\"0d03c0a\" data-element_type=\"widget\" data-e-type=\"widget\" data-widget_type=\"heading.default\">\n\t\t\t\t<div class=\"elementor-widget-container\">\n\t\t\t\t\t<h1 class=\"elementor-heading-title elementor-size-default\">My favourite Guitarbuilders i am working with currently<\/h1>\t\t\t\t<\/div>\n\t\t\t\t<\/div>\n\t\t\t\t\t<\/div>\n\t\t<\/div>\n\t\t\t\t\t<\/div>\n\t\t<\/section>\n\t\t\t\t<section class=\"elementor-section elementor-top-section elementor-element elementor-element-40b582f elementor-section-boxed elementor-section-height-default elementor-section-height-default\" data-id=\"40b582f\" data-element_type=\"section\" data-e-type=\"section\">\n\t\t\t\t\t\t<div class=\"elementor-container elementor-column-gap-default\">\n\t\t\t\t\t<div class=\"elementor-column elementor-col-100 elementor-top-column elementor-element elementor-element-a1dafd9\" data-id=\"a1dafd9\" data-element_type=\"column\" data-e-type=\"column\">\n\t\t\t<div class=\"elementor-widget-wrap elementor-element-populated\">\n\t\t\t\t\t\t\t<\/div>\n\t\t<\/div>\n\t\t\t\t\t<\/div>\n\t\t<\/section>\n\t\t\t\t<section class=\"elementor-section elementor-top-section elementor-element elementor-element-bd79224 elementor-section-boxed elementor-section-height-default elementor-section-height-default\" data-id=\"bd79224\" data-element_type=\"section\" data-e-type=\"section\">\n\t\t\t\t\t\t<div class=\"elementor-container elementor-column-gap-default\">\n\t\t\t\t\t<div class=\"elementor-column elementor-col-25 elementor-top-column elementor-element elementor-element-acc6a60\" data-id=\"acc6a60\" data-element_type=\"column\" data-e-type=\"column\">\n\t\t\t<div class=\"elementor-widget-wrap elementor-element-populated\">\n\t\t\t\t\t\t<div class=\"elementor-element elementor-element-f24cd6f elementor-widget elementor-widget-image\" data-id=\"f24cd6f\" data-element_type=\"widget\" data-e-type=\"widget\" data-widget_type=\"image.default\">\n\t\t\t\t<div class=\"elementor-widget-container\">\n\t\t\t\t\t\t\t\t\t\t\t\t\t\t\t\t<a href=\"https:\/\/www.mundo-flamenco.com\/en\/useful-information\/guitarbuilders\/andres-daniel-marvi\/\">\n\t\t\t\t\t\t\t<img fetchpriority=\"high\" decoding=\"async\" width=\"400\" height=\"400\" src=\"https:\/\/www.mundo-flamenco.com\/wp-content\/uploads\/2022\/09\/Andres-Daniel-Marvi-thumb.jpg\" class=\"attachment-large size-large wp-image-1521\" alt=\"\" srcset=\"https:\/\/www.mundo-flamenco.com\/wp-content\/uploads\/2022\/09\/Andres-Daniel-Marvi-thumb.jpg 400w, https:\/\/www.mundo-flamenco.com\/wp-content\/uploads\/2022\/09\/Andres-Daniel-Marvi-thumb-300x300.jpg 300w, https:\/\/www.mundo-flamenco.com\/wp-content\/uploads\/2022\/09\/Andres-Daniel-Marvi-thumb-150x150.jpg 150w\" sizes=\"(max-width: 400px) 100vw, 400px\" \/>\t\t\t\t\t\t\t\t<\/a>\n\t\t\t\t\t\t\t\t\t\t\t\t\t\t\t<\/div>\n\t\t\t\t<\/div>\n\t\t\t\t<div class=\"elementor-element elementor-element-d3362fa elementor-widget elementor-widget-heading\" data-id=\"d3362fa\" data-element_type=\"widget\" data-e-type=\"widget\" data-widget_type=\"heading.default\">\n\t\t\t\t<div class=\"elementor-widget-container\">\n\t\t\t\t\t<h4 class=\"elementor-heading-title elementor-size-default\">Andr\u00e9s Daniel Marvi<\/h4>\t\t\t\t<\/div>\n\t\t\t\t<\/div>\n\t\t\t\t\t<\/div>\n\t\t<\/div>\n\t\t\t\t<div class=\"elementor-column elementor-col-25 elementor-top-column elementor-element elementor-element-8796f09\" data-id=\"8796f09\" data-element_type=\"column\" data-e-type=\"column\">\n\t\t\t<div class=\"elementor-widget-wrap elementor-element-populated\">\n\t\t\t\t\t\t<div class=\"elementor-element elementor-element-1bb2ede elementor-widget elementor-widget-image\" data-id=\"1bb2ede\" data-element_type=\"widget\" data-e-type=\"widget\" data-widget_type=\"image.default\">\n\t\t\t\t<div class=\"elementor-widget-container\">\n\t\t\t\t\t\t\t\t\t\t\t\t\t\t\t\t<a href=\"https:\/\/www.mundo-flamenco.com\/en\/useful-information\/guitarbuilders\/antonio-marin-montero\/\">\n\t\t\t\t\t\t\t<img decoding=\"async\" width=\"400\" height=\"400\" src=\"https:\/\/www.mundo-flamenco.com\/wp-content\/uploads\/2022\/09\/Antonio-Marin-Montero-thumb.jpg\" class=\"attachment-large size-large wp-image-1527\" alt=\"\" srcset=\"https:\/\/www.mundo-flamenco.com\/wp-content\/uploads\/2022\/09\/Antonio-Marin-Montero-thumb.jpg 400w, https:\/\/www.mundo-flamenco.com\/wp-content\/uploads\/2022\/09\/Antonio-Marin-Montero-thumb-300x300.jpg 300w, https:\/\/www.mundo-flamenco.com\/wp-content\/uploads\/2022\/09\/Antonio-Marin-Montero-thumb-150x150.jpg 150w\" sizes=\"(max-width: 400px) 100vw, 400px\" \/>\t\t\t\t\t\t\t\t<\/a>\n\t\t\t\t\t\t\t\t\t\t\t\t\t\t\t<\/div>\n\t\t\t\t<\/div>\n\t\t\t\t<div class=\"elementor-element elementor-element-3ab5af2 elementor-widget elementor-widget-heading\" data-id=\"3ab5af2\" data-element_type=\"widget\" data-e-type=\"widget\" data-widget_type=\"heading.default\">\n\t\t\t\t<div class=\"elementor-widget-container\">\n\t\t\t\t\t<h4 class=\"elementor-heading-title elementor-size-default\">Antonio Marin Montero<\/h4>\t\t\t\t<\/div>\n\t\t\t\t<\/div>\n\t\t\t\t\t<\/div>\n\t\t<\/div>\n\t\t\t\t<div class=\"elementor-column elementor-col-25 elementor-top-column elementor-element elementor-element-3043027\" data-id=\"3043027\" data-element_type=\"column\" data-e-type=\"column\">\n\t\t\t<div class=\"elementor-widget-wrap elementor-element-populated\">\n\t\t\t\t\t\t<div class=\"elementor-element elementor-element-1fafda0 elementor-widget elementor-widget-image\" data-id=\"1fafda0\" data-element_type=\"widget\" data-e-type=\"widget\" data-widget_type=\"image.default\">\n\t\t\t\t<div class=\"elementor-widget-container\">\n\t\t\t\t\t\t\t\t\t\t\t\t\t\t\t\t<a href=\"https:\/\/www.mundo-flamenco.com\/en\/useful-information\/guitarbuilders\/camps\/\">\n\t\t\t\t\t\t\t<img decoding=\"async\" width=\"400\" height=\"400\" src=\"https:\/\/www.mundo-flamenco.com\/wp-content\/uploads\/2022\/09\/Camps-thumb.png\" class=\"attachment-large size-large wp-image-1550\" alt=\"\" srcset=\"https:\/\/www.mundo-flamenco.com\/wp-content\/uploads\/2022\/09\/Camps-thumb.png 400w, https:\/\/www.mundo-flamenco.com\/wp-content\/uploads\/2022\/09\/Camps-thumb-300x300.png 300w, https:\/\/www.mundo-flamenco.com\/wp-content\/uploads\/2022\/09\/Camps-thumb-150x150.png 150w\" sizes=\"(max-width: 400px) 100vw, 400px\" \/>\t\t\t\t\t\t\t\t<\/a>\n\t\t\t\t\t\t\t\t\t\t\t\t\t\t\t<\/div>\n\t\t\t\t<\/div>\n\t\t\t\t<div class=\"elementor-element elementor-element-25d4a01 elementor-widget elementor-widget-heading\" data-id=\"25d4a01\" data-element_type=\"widget\" data-e-type=\"widget\" data-widget_type=\"heading.default\">\n\t\t\t\t<div class=\"elementor-widget-container\">\n\t\t\t\t\t<h4 class=\"elementor-heading-title elementor-size-default\">Camps<\/h4>\t\t\t\t<\/div>\n\t\t\t\t<\/div>\n\t\t\t\t\t<\/div>\n\t\t<\/div>\n\t\t\t\t<div class=\"elementor-column elementor-col-25 elementor-top-column elementor-element elementor-element-ed0e81d\" data-id=\"ed0e81d\" data-element_type=\"column\" data-e-type=\"column\">\n\t\t\t<div class=\"elementor-widget-wrap elementor-element-populated\">\n\t\t\t\t\t\t<div class=\"elementor-element elementor-element-85bf730 elementor-widget elementor-widget-image\" data-id=\"85bf730\" data-element_type=\"widget\" data-e-type=\"widget\" data-widget_type=\"image.default\">\n\t\t\t\t<div class=\"elementor-widget-container\">\n\t\t\t\t\t\t\t\t\t\t\t\t\t\t\t\t<a href=\"https:\/\/www.mundo-flamenco.com\/en\/useful-information\/guitarbuilders\/francisco-barba\/\">\n\t\t\t\t\t\t\t<img loading=\"lazy\" decoding=\"async\" width=\"400\" height=\"400\" src=\"https:\/\/www.mundo-flamenco.com\/wp-content\/uploads\/2022\/09\/Francisco-Barba-thumb.jpg\" class=\"attachment-large size-large wp-image-1571\" alt=\"\" srcset=\"https:\/\/www.mundo-flamenco.com\/wp-content\/uploads\/2022\/09\/Francisco-Barba-thumb.jpg 400w, https:\/\/www.mundo-flamenco.com\/wp-content\/uploads\/2022\/09\/Francisco-Barba-thumb-300x300.jpg 300w, https:\/\/www.mundo-flamenco.com\/wp-content\/uploads\/2022\/09\/Francisco-Barba-thumb-150x150.jpg 150w\" sizes=\"(max-width: 400px) 100vw, 400px\" \/>\t\t\t\t\t\t\t\t<\/a>\n\t\t\t\t\t\t\t\t\t\t\t\t\t\t\t<\/div>\n\t\t\t\t<\/div>\n\t\t\t\t<div class=\"elementor-element elementor-element-dd8ff16 elementor-widget elementor-widget-heading\" data-id=\"dd8ff16\" data-element_type=\"widget\" data-e-type=\"widget\" data-widget_type=\"heading.default\">\n\t\t\t\t<div class=\"elementor-widget-container\">\n\t\t\t\t\t<h4 class=\"elementor-heading-title elementor-size-default\">Francisco Barba<\/h4>\t\t\t\t<\/div>\n\t\t\t\t<\/div>\n\t\t\t\t\t<\/div>\n\t\t<\/div>\n\t\t\t\t\t<\/div>\n\t\t<\/section>\n\t\t\t\t<section class=\"elementor-section elementor-top-section elementor-element elementor-element-ee36933 elementor-section-boxed elementor-section-height-default elementor-section-height-default\" data-id=\"ee36933\" data-element_type=\"section\" data-e-type=\"section\">\n\t\t\t\t\t\t<div class=\"elementor-container elementor-column-gap-default\">\n\t\t\t\t\t<div class=\"elementor-column elementor-col-25 elementor-top-column elementor-element elementor-element-a0b8d5f\" data-id=\"a0b8d5f\" data-element_type=\"column\" data-e-type=\"column\">\n\t\t\t<div class=\"elementor-widget-wrap elementor-element-populated\">\n\t\t\t\t\t\t<div class=\"elementor-element elementor-element-1228c6d elementor-widget elementor-widget-image\" data-id=\"1228c6d\" data-element_type=\"widget\" data-e-type=\"widget\" data-widget_type=\"image.default\">\n\t\t\t\t<div class=\"elementor-widget-container\">\n\t\t\t\t\t\t\t\t\t\t\t\t\t\t\t\t<a href=\"https:\/\/www.mundo-flamenco.com\/en\/useful-information\/guitarbuilders\/hnos-sanchis-lopez\/\">\n\t\t\t\t\t\t\t<img loading=\"lazy\" decoding=\"async\" width=\"400\" height=\"400\" src=\"https:\/\/www.mundo-flamenco.com\/wp-content\/uploads\/2022\/09\/Hnos.-Sanchis-Lopez-thumb.jpg\" class=\"attachment-large size-large wp-image-1567\" alt=\"\" srcset=\"https:\/\/www.mundo-flamenco.com\/wp-content\/uploads\/2022\/09\/Hnos.-Sanchis-Lopez-thumb.jpg 400w, https:\/\/www.mundo-flamenco.com\/wp-content\/uploads\/2022\/09\/Hnos.-Sanchis-Lopez-thumb-300x300.jpg 300w, https:\/\/www.mundo-flamenco.com\/wp-content\/uploads\/2022\/09\/Hnos.-Sanchis-Lopez-thumb-150x150.jpg 150w\" sizes=\"(max-width: 400px) 100vw, 400px\" \/>\t\t\t\t\t\t\t\t<\/a>\n\t\t\t\t\t\t\t\t\t\t\t\t\t\t\t<\/div>\n\t\t\t\t<\/div>\n\t\t\t\t<div class=\"elementor-element elementor-element-39692d1 elementor-widget elementor-widget-heading\" data-id=\"39692d1\" data-element_type=\"widget\" data-e-type=\"widget\" data-widget_type=\"heading.default\">\n\t\t\t\t<div class=\"elementor-widget-container\">\n\t\t\t\t\t<h4 class=\"elementor-heading-title elementor-size-default\">Hnos. Sanchis L\u00f3pez<\/h4>\t\t\t\t<\/div>\n\t\t\t\t<\/div>\n\t\t\t\t\t<\/div>\n\t\t<\/div>\n\t\t\t\t<div class=\"elementor-column elementor-col-25 elementor-top-column elementor-element elementor-element-e5ca799\" data-id=\"e5ca799\" data-element_type=\"column\" data-e-type=\"column\">\n\t\t\t<div class=\"elementor-widget-wrap elementor-element-populated\">\n\t\t\t\t\t\t<div class=\"elementor-element elementor-element-32346dd elementor-widget elementor-widget-image\" data-id=\"32346dd\" data-element_type=\"widget\" data-e-type=\"widget\" data-widget_type=\"image.default\">\n\t\t\t\t<div class=\"elementor-widget-container\">\n\t\t\t\t\t\t\t\t\t\t\t\t\t\t\t\t<a href=\"https:\/\/www.mundo-flamenco.com\/en\/useful-information\/guitarbuilders\/jesus-bellido\/\">\n\t\t\t\t\t\t\t<img loading=\"lazy\" decoding=\"async\" width=\"400\" height=\"400\" src=\"https:\/\/www.mundo-flamenco.com\/wp-content\/uploads\/2022\/09\/platzhalter.jpg\" class=\"attachment-large size-large wp-image-1555\" alt=\"\" srcset=\"https:\/\/www.mundo-flamenco.com\/wp-content\/uploads\/2022\/09\/platzhalter.jpg 400w, https:\/\/www.mundo-flamenco.com\/wp-content\/uploads\/2022\/09\/platzhalter-300x300.jpg 300w, https:\/\/www.mundo-flamenco.com\/wp-content\/uploads\/2022\/09\/platzhalter-150x150.jpg 150w\" sizes=\"(max-width: 400px) 100vw, 400px\" \/>\t\t\t\t\t\t\t\t<\/a>\n\t\t\t\t\t\t\t\t\t\t\t\t\t\t\t<\/div>\n\t\t\t\t<\/div>\n\t\t\t\t<div class=\"elementor-element elementor-element-c0288e2 elementor-widget elementor-widget-heading\" data-id=\"c0288e2\" data-element_type=\"widget\" data-e-type=\"widget\" data-widget_type=\"heading.default\">\n\t\t\t\t<div class=\"elementor-widget-container\">\n\t\t\t\t\t<h4 class=\"elementor-heading-title elementor-size-default\">Jes\u00fas Bellido<\/h4>\t\t\t\t<\/div>\n\t\t\t\t<\/div>\n\t\t\t\t\t<\/div>\n\t\t<\/div>\n\t\t\t\t<div class=\"elementor-column elementor-col-25 elementor-top-column elementor-element elementor-element-bf845e9\" data-id=\"bf845e9\" data-element_type=\"column\" data-e-type=\"column\">\n\t\t\t<div class=\"elementor-widget-wrap elementor-element-populated\">\n\t\t\t\t\t\t<div class=\"elementor-element elementor-element-7428421 elementor-widget elementor-widget-image\" data-id=\"7428421\" data-element_type=\"widget\" data-e-type=\"widget\" data-widget_type=\"image.default\">\n\t\t\t\t<div class=\"elementor-widget-container\">\n\t\t\t\t\t\t\t\t\t\t\t\t\t\t\t\t<a href=\"https:\/\/www.mundo-flamenco.com\/en\/useful-information\/guitarbuilders\/jose-marin-plazuelo\/\">\n\t\t\t\t\t\t\t<img loading=\"lazy\" decoding=\"async\" width=\"400\" height=\"400\" src=\"https:\/\/www.mundo-flamenco.com\/wp-content\/uploads\/2022\/09\/Jose-Marin-Plazuelo-thumb.jpg\" class=\"attachment-large size-large wp-image-1563\" alt=\"\" srcset=\"https:\/\/www.mundo-flamenco.com\/wp-content\/uploads\/2022\/09\/Jose-Marin-Plazuelo-thumb.jpg 400w, https:\/\/www.mundo-flamenco.com\/wp-content\/uploads\/2022\/09\/Jose-Marin-Plazuelo-thumb-300x300.jpg 300w, https:\/\/www.mundo-flamenco.com\/wp-content\/uploads\/2022\/09\/Jose-Marin-Plazuelo-thumb-150x150.jpg 150w\" sizes=\"(max-width: 400px) 100vw, 400px\" \/>\t\t\t\t\t\t\t\t<\/a>\n\t\t\t\t\t\t\t\t\t\t\t\t\t\t\t<\/div>\n\t\t\t\t<\/div>\n\t\t\t\t<div class=\"elementor-element elementor-element-2e6cc9c elementor-widget elementor-widget-heading\" data-id=\"2e6cc9c\" data-element_type=\"widget\" data-e-type=\"widget\" data-widget_type=\"heading.default\">\n\t\t\t\t<div class=\"elementor-widget-container\">\n\t\t\t\t\t<h4 class=\"elementor-heading-title elementor-size-default\">Jos\u00e9 Marin Plazuelo<\/h4>\t\t\t\t<\/div>\n\t\t\t\t<\/div>\n\t\t\t\t\t<\/div>\n\t\t<\/div>\n\t\t\t\t<div class=\"elementor-column elementor-col-25 elementor-top-column elementor-element elementor-element-43122ab\" data-id=\"43122ab\" data-element_type=\"column\" data-e-type=\"column\">\n\t\t\t<div class=\"elementor-widget-wrap elementor-element-populated\">\n\t\t\t\t\t\t<div class=\"elementor-element elementor-element-02c8414 elementor-widget elementor-widget-image\" data-id=\"02c8414\" data-element_type=\"widget\" data-e-type=\"widget\" data-widget_type=\"image.default\">\n\t\t\t\t<div class=\"elementor-widget-container\">\n\t\t\t\t\t\t\t\t\t\t\t\t\t\t\t\t<a href=\"https:\/\/www.mundo-flamenco.com\/en\/useful-information\/guitarbuilders\/jose-salinas\/\">\n\t\t\t\t\t\t\t<img loading=\"lazy\" decoding=\"async\" width=\"400\" height=\"400\" src=\"https:\/\/www.mundo-flamenco.com\/wp-content\/uploads\/2022\/09\/platzhalter.jpg\" class=\"attachment-large size-large wp-image-1555\" alt=\"\" srcset=\"https:\/\/www.mundo-flamenco.com\/wp-content\/uploads\/2022\/09\/platzhalter.jpg 400w, https:\/\/www.mundo-flamenco.com\/wp-content\/uploads\/2022\/09\/platzhalter-300x300.jpg 300w, https:\/\/www.mundo-flamenco.com\/wp-content\/uploads\/2022\/09\/platzhalter-150x150.jpg 150w\" sizes=\"(max-width: 400px) 100vw, 400px\" \/>\t\t\t\t\t\t\t\t<\/a>\n\t\t\t\t\t\t\t\t\t\t\t\t\t\t\t<\/div>\n\t\t\t\t<\/div>\n\t\t\t\t<div class=\"elementor-element elementor-element-0809069 elementor-widget elementor-widget-heading\" data-id=\"0809069\" data-element_type=\"widget\" data-e-type=\"widget\" data-widget_type=\"heading.default\">\n\t\t\t\t<div class=\"elementor-widget-container\">\n\t\t\t\t\t<h4 class=\"elementor-heading-title elementor-size-default\">Jos\u00e9 Salinas<\/h4>\t\t\t\t<\/div>\n\t\t\t\t<\/div>\n\t\t\t\t\t<\/div>\n\t\t<\/div>\n\t\t\t\t\t<\/div>\n\t\t<\/section>\n\t\t\t\t<section class=\"elementor-section elementor-top-section elementor-element elementor-element-e27ea46 elementor-section-boxed elementor-section-height-default elementor-section-height-default\" data-id=\"e27ea46\" data-element_type=\"section\" data-e-type=\"section\">\n\t\t\t\t\t\t<div class=\"elementor-container elementor-column-gap-default\">\n\t\t\t\t\t<div class=\"elementor-column elementor-col-25 elementor-top-column elementor-element elementor-element-ae015d4\" data-id=\"ae015d4\" data-element_type=\"column\" data-e-type=\"column\">\n\t\t\t<div class=\"elementor-widget-wrap elementor-element-populated\">\n\t\t\t\t\t\t<div class=\"elementor-element elementor-element-81320c4 elementor-widget elementor-widget-image\" data-id=\"81320c4\" data-element_type=\"widget\" data-e-type=\"widget\" data-widget_type=\"image.default\">\n\t\t\t\t<div class=\"elementor-widget-container\">\n\t\t\t\t\t\t\t\t\t\t\t\t\t\t\t\t<a href=\"https:\/\/www.mundo-flamenco.com\/en\/useful-information\/guitarbuilders\/lester-devoe\/\">\n\t\t\t\t\t\t\t<img loading=\"lazy\" decoding=\"async\" width=\"400\" height=\"400\" src=\"https:\/\/www.mundo-flamenco.com\/wp-content\/uploads\/2022\/09\/Lester-DeVoe-thumb.jpg\" class=\"attachment-large size-large wp-image-1557\" alt=\"\" srcset=\"https:\/\/www.mundo-flamenco.com\/wp-content\/uploads\/2022\/09\/Lester-DeVoe-thumb.jpg 400w, https:\/\/www.mundo-flamenco.com\/wp-content\/uploads\/2022\/09\/Lester-DeVoe-thumb-300x300.jpg 300w, https:\/\/www.mundo-flamenco.com\/wp-content\/uploads\/2022\/09\/Lester-DeVoe-thumb-150x150.jpg 150w\" sizes=\"(max-width: 400px) 100vw, 400px\" \/>\t\t\t\t\t\t\t\t<\/a>\n\t\t\t\t\t\t\t\t\t\t\t\t\t\t\t<\/div>\n\t\t\t\t<\/div>\n\t\t\t\t<div class=\"elementor-element elementor-element-d5a9b3f elementor-widget elementor-widget-heading\" data-id=\"d5a9b3f\" data-element_type=\"widget\" data-e-type=\"widget\" data-widget_type=\"heading.default\">\n\t\t\t\t<div class=\"elementor-widget-container\">\n\t\t\t\t\t<h4 class=\"elementor-heading-title elementor-size-default\">Lester DeVoe<\/h4>\t\t\t\t<\/div>\n\t\t\t\t<\/div>\n\t\t\t\t\t<\/div>\n\t\t<\/div>\n\t\t\t\t<div class=\"elementor-column elementor-col-25 elementor-top-column elementor-element elementor-element-0e69e2b\" data-id=\"0e69e2b\" data-element_type=\"column\" data-e-type=\"column\">\n\t\t\t<div class=\"elementor-widget-wrap\">\n\t\t\t\t\t\t\t<\/div>\n\t\t<\/div>\n\t\t\t\t<div class=\"elementor-column elementor-col-25 elementor-top-column elementor-element elementor-element-c9921cc\" data-id=\"c9921cc\" data-element_type=\"column\" data-e-type=\"column\">\n\t\t\t<div class=\"elementor-widget-wrap\">\n\t\t\t\t\t\t\t<\/div>\n\t\t<\/div>\n\t\t\t\t<div class=\"elementor-column elementor-col-25 elementor-top-column elementor-element elementor-element-e5ca95c\" data-id=\"e5ca95c\" data-element_type=\"column\" data-e-type=\"column\">\n\t\t\t<div class=\"elementor-widget-wrap\">\n\t\t\t\t\t\t\t<\/div>\n\t\t<\/div>\n\t\t\t\t\t<\/div>\n\t\t<\/section>\n\t\t\t\t<\/div>\n\t\t","protected":false},"excerpt":{"rendered":"<p>My favourite Guitarbuilders i am working with currently Andr\u00e9s Daniel Marvi Antonio Marin Montero Camps Francisco Barba Hnos. Sanchis L\u00f3pez Jes\u00fas Bellido Jos\u00e9 Marin Plazuelo Jos\u00e9 Salinas Lester DeVoe<\/p>\n","protected":false},"author":1,"featured_media":0,"parent":12610,"menu_order":0,"comment_status":"closed","ping_status":"closed","template":"elementor_header_footer","meta":{"footnotes":""},"class_list":["post-12614","page","type-page","status-publish","hentry"],"yoast_head":"<!-- This site is optimized with the Yoast SEO plugin v27.3 - https:\/\/yoast.com\/product\/yoast-seo-wordpress\/ -->\n<title>Guitarbuilders - Mundo Flamenco<\/title>\n<meta name=\"robots\" content=\"index, follow, max-snippet:-1, max-image-preview:large, max-video-preview:-1\" \/>\n<link rel=\"canonical\" href=\"https:\/\/www.mundo-flamenco.com\/en\/useful-information\/guitarbuilders\/\" \/>\n<meta property=\"og:locale\" content=\"en_US\" \/>\n<meta property=\"og:type\" content=\"article\" \/>\n<meta property=\"og:title\" content=\"Guitarbuilders - Mundo Flamenco\" \/>\n<meta property=\"og:description\" content=\"My favourite Guitarbuilders i am working with currently Andr\u00e9s Daniel Marvi Antonio Marin Montero Camps Francisco Barba Hnos. Sanchis L\u00f3pez Jes\u00fas Bellido Jos\u00e9 Marin Plazuelo Jos\u00e9 Salinas Lester DeVoe\" \/>\n<meta property=\"og:url\" content=\"https:\/\/www.mundo-flamenco.com\/en\/useful-information\/guitarbuilders\/\" \/>\n<meta property=\"og:site_name\" content=\"Mundo Flamenco\" \/>\n<meta property=\"article:modified_time\" content=\"2024-01-26T13:44:11+00:00\" \/>\n<meta property=\"og:image\" content=\"https:\/\/www.mundo-flamenco.com\/wp-content\/uploads\/2022\/09\/Andres-Daniel-Marvi-thumb.jpg\" \/>\n<meta name=\"twitter:card\" content=\"summary_large_image\" \/>\n<meta name=\"twitter:label1\" content=\"Est. reading time\" \/>\n\t<meta name=\"twitter:data1\" content=\"2 minutes\" \/>\n<script type=\"application\/ld+json\" class=\"yoast-schema-graph\">{\"@context\":\"https:\\\/\\\/schema.org\",\"@graph\":[{\"@type\":\"WebPage\",\"@id\":\"https:\\\/\\\/www.mundo-flamenco.com\\\/en\\\/useful-information\\\/guitarbuilders\\\/\",\"url\":\"https:\\\/\\\/www.mundo-flamenco.com\\\/en\\\/useful-information\\\/guitarbuilders\\\/\",\"name\":\"Guitarbuilders - Mundo Flamenco\",\"isPartOf\":{\"@id\":\"https:\\\/\\\/www.mundo-flamenco.com\\\/#website\"},\"primaryImageOfPage\":{\"@id\":\"https:\\\/\\\/www.mundo-flamenco.com\\\/en\\\/useful-information\\\/guitarbuilders\\\/#primaryimage\"},\"image\":{\"@id\":\"https:\\\/\\\/www.mundo-flamenco.com\\\/en\\\/useful-information\\\/guitarbuilders\\\/#primaryimage\"},\"thumbnailUrl\":\"https:\\\/\\\/www.mundo-flamenco.com\\\/wp-content\\\/uploads\\\/2022\\\/09\\\/Andres-Daniel-Marvi-thumb.jpg\",\"datePublished\":\"2022-09-14T08:57:47+00:00\",\"dateModified\":\"2024-01-26T13:44:11+00:00\",\"breadcrumb\":{\"@id\":\"https:\\\/\\\/www.mundo-flamenco.com\\\/en\\\/useful-information\\\/guitarbuilders\\\/#breadcrumb\"},\"inLanguage\":\"en-US\",\"potentialAction\":[{\"@type\":\"ReadAction\",\"target\":[\"https:\\\/\\\/www.mundo-flamenco.com\\\/en\\\/useful-information\\\/guitarbuilders\\\/\"]}]},{\"@type\":\"ImageObject\",\"inLanguage\":\"en-US\",\"@id\":\"https:\\\/\\\/www.mundo-flamenco.com\\\/en\\\/useful-information\\\/guitarbuilders\\\/#primaryimage\",\"url\":\"https:\\\/\\\/www.mundo-flamenco.com\\\/wp-content\\\/uploads\\\/2022\\\/09\\\/Andres-Daniel-Marvi-thumb.jpg\",\"contentUrl\":\"https:\\\/\\\/www.mundo-flamenco.com\\\/wp-content\\\/uploads\\\/2022\\\/09\\\/Andres-Daniel-Marvi-thumb.jpg\"},{\"@type\":\"BreadcrumbList\",\"@id\":\"https:\\\/\\\/www.mundo-flamenco.com\\\/en\\\/useful-information\\\/guitarbuilders\\\/#breadcrumb\",\"itemListElement\":[{\"@type\":\"ListItem\",\"position\":1,\"name\":\"Home\",\"item\":\"https:\\\/\\\/www.mundo-flamenco.com\\\/en\\\/\"},{\"@type\":\"ListItem\",\"position\":2,\"name\":\"Useful information\",\"item\":\"https:\\\/\\\/www.mundo-flamenco.com\\\/en\\\/useful-information\\\/\"},{\"@type\":\"ListItem\",\"position\":3,\"name\":\"Guitarbuilders\"}]},{\"@type\":\"WebSite\",\"@id\":\"https:\\\/\\\/www.mundo-flamenco.com\\\/#website\",\"url\":\"https:\\\/\\\/www.mundo-flamenco.com\\\/\",\"name\":\"Mundo Flamenco\",\"description\":\"Mundo Flamenco, der Spezialist f\u00fcr Flamencogitarre, Flamencogitarren\",\"publisher\":{\"@id\":\"https:\\\/\\\/www.mundo-flamenco.com\\\/#organization\"},\"potentialAction\":[{\"@type\":\"SearchAction\",\"target\":{\"@type\":\"EntryPoint\",\"urlTemplate\":\"https:\\\/\\\/www.mundo-flamenco.com\\\/?s={search_term_string}\"},\"query-input\":{\"@type\":\"PropertyValueSpecification\",\"valueRequired\":true,\"valueName\":\"search_term_string\"}}],\"inLanguage\":\"en-US\"},{\"@type\":\"Organization\",\"@id\":\"https:\\\/\\\/www.mundo-flamenco.com\\\/#organization\",\"name\":\"Mundo Flamenco\",\"url\":\"https:\\\/\\\/www.mundo-flamenco.com\\\/\",\"logo\":{\"@type\":\"ImageObject\",\"inLanguage\":\"en-US\",\"@id\":\"https:\\\/\\\/www.mundo-flamenco.com\\\/#\\\/schema\\\/logo\\\/image\\\/\",\"url\":\"https:\\\/\\\/www.mundo-flamenco.com\\\/wp-content\\\/uploads\\\/2022\\\/08\\\/mundo-flamenco-logo.png\",\"contentUrl\":\"https:\\\/\\\/www.mundo-flamenco.com\\\/wp-content\\\/uploads\\\/2022\\\/08\\\/mundo-flamenco-logo.png\",\"width\":514,\"height\":280,\"caption\":\"Mundo Flamenco\"},\"image\":{\"@id\":\"https:\\\/\\\/www.mundo-flamenco.com\\\/#\\\/schema\\\/logo\\\/image\\\/\"}}]}<\/script>\n<!-- \/ Yoast SEO plugin. -->","yoast_head_json":{"title":"Guitarbuilders - Mundo Flamenco","robots":{"index":"index","follow":"follow","max-snippet":"max-snippet:-1","max-image-preview":"max-image-preview:large","max-video-preview":"max-video-preview:-1"},"canonical":"https:\/\/www.mundo-flamenco.com\/en\/useful-information\/guitarbuilders\/","og_locale":"en_US","og_type":"article","og_title":"Guitarbuilders - Mundo Flamenco","og_description":"My favourite Guitarbuilders i am working with currently Andr\u00e9s Daniel Marvi Antonio Marin Montero Camps Francisco Barba Hnos. Sanchis L\u00f3pez Jes\u00fas Bellido Jos\u00e9 Marin Plazuelo Jos\u00e9 Salinas Lester DeVoe","og_url":"https:\/\/www.mundo-flamenco.com\/en\/useful-information\/guitarbuilders\/","og_site_name":"Mundo Flamenco","article_modified_time":"2024-01-26T13:44:11+00:00","og_image":[{"url":"https:\/\/www.mundo-flamenco.com\/wp-content\/uploads\/2022\/09\/Andres-Daniel-Marvi-thumb.jpg","type":"","width":"","height":""}],"twitter_card":"summary_large_image","twitter_misc":{"Est. reading time":"2 minutes"},"schema":{"@context":"https:\/\/schema.org","@graph":[{"@type":"WebPage","@id":"https:\/\/www.mundo-flamenco.com\/en\/useful-information\/guitarbuilders\/","url":"https:\/\/www.mundo-flamenco.com\/en\/useful-information\/guitarbuilders\/","name":"Guitarbuilders - Mundo Flamenco","isPartOf":{"@id":"https:\/\/www.mundo-flamenco.com\/#website"},"primaryImageOfPage":{"@id":"https:\/\/www.mundo-flamenco.com\/en\/useful-information\/guitarbuilders\/#primaryimage"},"image":{"@id":"https:\/\/www.mundo-flamenco.com\/en\/useful-information\/guitarbuilders\/#primaryimage"},"thumbnailUrl":"https:\/\/www.mundo-flamenco.com\/wp-content\/uploads\/2022\/09\/Andres-Daniel-Marvi-thumb.jpg","datePublished":"2022-09-14T08:57:47+00:00","dateModified":"2024-01-26T13:44:11+00:00","breadcrumb":{"@id":"https:\/\/www.mundo-flamenco.com\/en\/useful-information\/guitarbuilders\/#breadcrumb"},"inLanguage":"en-US","potentialAction":[{"@type":"ReadAction","target":["https:\/\/www.mundo-flamenco.com\/en\/useful-information\/guitarbuilders\/"]}]},{"@type":"ImageObject","inLanguage":"en-US","@id":"https:\/\/www.mundo-flamenco.com\/en\/useful-information\/guitarbuilders\/#primaryimage","url":"https:\/\/www.mundo-flamenco.com\/wp-content\/uploads\/2022\/09\/Andres-Daniel-Marvi-thumb.jpg","contentUrl":"https:\/\/www.mundo-flamenco.com\/wp-content\/uploads\/2022\/09\/Andres-Daniel-Marvi-thumb.jpg"},{"@type":"BreadcrumbList","@id":"https:\/\/www.mundo-flamenco.com\/en\/useful-information\/guitarbuilders\/#breadcrumb","itemListElement":[{"@type":"ListItem","position":1,"name":"Home","item":"https:\/\/www.mundo-flamenco.com\/en\/"},{"@type":"ListItem","position":2,"name":"Useful information","item":"https:\/\/www.mundo-flamenco.com\/en\/useful-information\/"},{"@type":"ListItem","position":3,"name":"Guitarbuilders"}]},{"@type":"WebSite","@id":"https:\/\/www.mundo-flamenco.com\/#website","url":"https:\/\/www.mundo-flamenco.com\/","name":"Mundo Flamenco","description":"Mundo Flamenco, der Spezialist f\u00fcr Flamencogitarre, Flamencogitarren","publisher":{"@id":"https:\/\/www.mundo-flamenco.com\/#organization"},"potentialAction":[{"@type":"SearchAction","target":{"@type":"EntryPoint","urlTemplate":"https:\/\/www.mundo-flamenco.com\/?s={search_term_string}"},"query-input":{"@type":"PropertyValueSpecification","valueRequired":true,"valueName":"search_term_string"}}],"inLanguage":"en-US"},{"@type":"Organization","@id":"https:\/\/www.mundo-flamenco.com\/#organization","name":"Mundo Flamenco","url":"https:\/\/www.mundo-flamenco.com\/","logo":{"@type":"ImageObject","inLanguage":"en-US","@id":"https:\/\/www.mundo-flamenco.com\/#\/schema\/logo\/image\/","url":"https:\/\/www.mundo-flamenco.com\/wp-content\/uploads\/2022\/08\/mundo-flamenco-logo.png","contentUrl":"https:\/\/www.mundo-flamenco.com\/wp-content\/uploads\/2022\/08\/mundo-flamenco-logo.png","width":514,"height":280,"caption":"Mundo Flamenco"},"image":{"@id":"https:\/\/www.mundo-flamenco.com\/#\/schema\/logo\/image\/"}}]}},"_links":{"self":[{"href":"https:\/\/www.mundo-flamenco.com\/en\/wp-json\/wp\/v2\/pages\/12614","targetHints":{"allow":["GET"]}}],"collection":[{"href":"https:\/\/www.mundo-flamenco.com\/en\/wp-json\/wp\/v2\/pages"}],"about":[{"href":"https:\/\/www.mundo-flamenco.com\/en\/wp-json\/wp\/v2\/types\/page"}],"author":[{"embeddable":true,"href":"https:\/\/www.mundo-flamenco.com\/en\/wp-json\/wp\/v2\/users\/1"}],"replies":[{"embeddable":true,"href":"https:\/\/www.mundo-flamenco.com\/en\/wp-json\/wp\/v2\/comments?post=12614"}],"version-history":[{"count":10,"href":"https:\/\/www.mundo-flamenco.com\/en\/wp-json\/wp\/v2\/pages\/12614\/revisions"}],"predecessor-version":[{"id":12835,"href":"https:\/\/www.mundo-flamenco.com\/en\/wp-json\/wp\/v2\/pages\/12614\/revisions\/12835"}],"up":[{"embeddable":true,"href":"https:\/\/www.mundo-flamenco.com\/en\/wp-json\/wp\/v2\/pages\/12610"}],"wp:attachment":[{"href":"https:\/\/www.mundo-flamenco.com\/en\/wp-json\/wp\/v2\/media?parent=12614"}],"curies":[{"name":"wp","href":"https:\/\/api.w.org\/{rel}","templated":true}]}}