{"id":12637,"date":"2022-09-14T15:41:11","date_gmt":"2022-09-14T13:41:11","guid":{"rendered":"https:\/\/kunstwerk-design.de\/previews\/mundoflamenco\/?page_id=12637"},"modified":"2024-01-29T16:47:19","modified_gmt":"2024-01-29T15:47:19","slug":"antonio-marin-montero","status":"publish","type":"page","link":"https:\/\/www.mundo-flamenco.com\/en\/useful-information\/guitarbuilders\/antonio-marin-montero\/","title":{"rendered":"Antonio Marin Montero"},"content":{"rendered":"\t\t<div data-elementor-type=\"wp-post\" data-elementor-id=\"12637\" class=\"elementor elementor-12637 elementor-1479\" data-elementor-post-type=\"page\">\n\t\t\t\t\t\t<section class=\"elementor-section elementor-top-section elementor-element elementor-element-cc30691 elementor-section-height-min-height elementor-section-items-bottom elementor-section-boxed elementor-section-height-default\" data-id=\"cc30691\" data-element_type=\"section\" data-e-type=\"section\">\n\t\t\t\t\t\t<div class=\"elementor-container elementor-column-gap-default\">\n\t\t\t\t\t<div class=\"elementor-column elementor-col-100 elementor-top-column elementor-element elementor-element-567643c\" data-id=\"567643c\" data-element_type=\"column\" data-e-type=\"column\">\n\t\t\t<div class=\"elementor-widget-wrap elementor-element-populated\">\n\t\t\t\t\t\t<div class=\"elementor-element elementor-element-0d03c0a elementor-widget elementor-widget-heading\" data-id=\"0d03c0a\" data-element_type=\"widget\" data-e-type=\"widget\" data-widget_type=\"heading.default\">\n\t\t\t\t<div class=\"elementor-widget-container\">\n\t\t\t\t\t<h1 class=\"elementor-heading-title elementor-size-default\">Antonio Marin Montero<\/h1>\t\t\t\t<\/div>\n\t\t\t\t<\/div>\n\t\t\t\t\t<\/div>\n\t\t<\/div>\n\t\t\t\t\t<\/div>\n\t\t<\/section>\n\t\t\t\t<section class=\"elementor-section elementor-top-section elementor-element elementor-element-40b582f elementor-section-boxed elementor-section-height-default elementor-section-height-default\" data-id=\"40b582f\" data-element_type=\"section\" data-e-type=\"section\">\n\t\t\t\t\t\t<div class=\"elementor-container elementor-column-gap-default\">\n\t\t\t\t\t<div class=\"elementor-column elementor-col-50 elementor-top-column elementor-element elementor-element-a1dafd9\" data-id=\"a1dafd9\" data-element_type=\"column\" data-e-type=\"column\">\n\t\t\t<div class=\"elementor-widget-wrap elementor-element-populated\">\n\t\t\t\t\t\t<div class=\"elementor-element elementor-element-6225c6b elementor-widget elementor-widget-text-editor\" data-id=\"6225c6b\" data-element_type=\"widget\" data-e-type=\"widget\" data-widget_type=\"text-editor.default\">\n\t\t\t\t<div class=\"elementor-widget-container\">\n\t\t\t\t\t\t\t\t\t<p>He is almost a legend today. Granada without Antonio Mar\u00edn is like flamenco without Paco de Lucia. Innumerable guitar builders have learned from him. He was always open to passing on his knowledge. Today, he is 90 years old and is in his workshop every day. He is one of the people most full of life whom I know, and also one of the nicest. His guitars are world famous, but he still has never agreed to setting up any waiting lists. This does not mean that it is easy to get one of his guitars. You need a lot patience to get one of his instruments. You have to visit his workshop often and remind him about the ordered guitar. Otherwise, you don&#8217;t have a chance. His instruments are absolutely top rate, although he has always built more classical guitars than flamenco guitars. I have already had a few beautiful guitars of his in my shop. Rounded, sweet, singing sounds with easy playability and very beautiful bass make his guitars something very special in the world of guitar builders.<\/p>\t\t\t\t\t\t\t\t<\/div>\n\t\t\t\t<\/div>\n\t\t\t\t<div class=\"elementor-element elementor-element-ccf6424 elementor-widget elementor-widget-button\" data-id=\"ccf6424\" data-element_type=\"widget\" data-e-type=\"widget\" data-widget_type=\"button.default\">\n\t\t\t\t<div class=\"elementor-widget-container\">\n\t\t\t\t\t\t\t\t\t<div class=\"elementor-button-wrapper\">\n\t\t\t\t\t<a class=\"elementor-button elementor-button-link elementor-size-sm\" href=\"https:\/\/www.mundo-flamenco.com\/en\/useful-information\/guitarbuilders\/\">\n\t\t\t\t\t\t<span class=\"elementor-button-content-wrapper\">\n\t\t\t\t\t\t\t\t\t<span class=\"elementor-button-text\">&lt; Back to overview<\/span>\n\t\t\t\t\t<\/span>\n\t\t\t\t\t<\/a>\n\t\t\t\t<\/div>\n\t\t\t\t\t\t\t\t<\/div>\n\t\t\t\t<\/div>\n\t\t\t\t\t<\/div>\n\t\t<\/div>\n\t\t\t\t<div class=\"elementor-column elementor-col-50 elementor-top-column elementor-element elementor-element-73d532e\" data-id=\"73d532e\" data-element_type=\"column\" data-e-type=\"column\">\n\t\t\t<div class=\"elementor-widget-wrap elementor-element-populated\">\n\t\t\t\t\t\t<div class=\"elementor-element elementor-element-e51347d elementor-widget elementor-widget-image\" data-id=\"e51347d\" data-element_type=\"widget\" data-e-type=\"widget\" data-widget_type=\"image.default\">\n\t\t\t\t<div class=\"elementor-widget-container\">\n\t\t\t\t\t\t\t\t\t\t\t\t<figure class=\"wp-caption\">\n\t\t\t\t\t\t\t\t\t\t<img fetchpriority=\"high\" decoding=\"async\" width=\"333\" height=\"251\" src=\"https:\/\/www.mundo-flamenco.com\/wp-content\/uploads\/2022\/09\/Antonio-Marin-Montero-01.jpg\" class=\"attachment-large size-large wp-image-1484\" alt=\"\" srcset=\"https:\/\/www.mundo-flamenco.com\/wp-content\/uploads\/2022\/09\/Antonio-Marin-Montero-01.jpg 333w, https:\/\/www.mundo-flamenco.com\/wp-content\/uploads\/2022\/09\/Antonio-Marin-Montero-01-300x226.jpg 300w\" sizes=\"(max-width: 333px) 100vw, 333px\" \/>\t\t\t\t\t\t\t\t\t\t\t<figcaption class=\"widget-image-caption wp-caption-text\">Von links nach rechts: Jos\u00e9 Mar\u00edn Plazuelo, Johannes Inhoffen, Antonio Mar\u00edn Montero<\/figcaption>\n\t\t\t\t\t\t\t\t\t\t<\/figure>\n\t\t\t\t\t\t\t\t\t<\/div>\n\t\t\t\t<\/div>\n\t\t\t\t<div class=\"elementor-element elementor-element-c27470a elementor-widget elementor-widget-image\" data-id=\"c27470a\" data-element_type=\"widget\" data-e-type=\"widget\" data-widget_type=\"image.default\">\n\t\t\t\t<div class=\"elementor-widget-container\">\n\t\t\t\t\t\t\t\t\t\t\t\t<figure class=\"wp-caption\">\n\t\t\t\t\t\t\t\t\t\t<img decoding=\"async\" width=\"332\" height=\"250\" src=\"https:\/\/www.mundo-flamenco.com\/wp-content\/uploads\/2022\/09\/Antonio-Marin-Montero-02.jpg\" class=\"attachment-large size-large wp-image-1482\" alt=\"\" srcset=\"https:\/\/www.mundo-flamenco.com\/wp-content\/uploads\/2022\/09\/Antonio-Marin-Montero-02.jpg 332w, https:\/\/www.mundo-flamenco.com\/wp-content\/uploads\/2022\/09\/Antonio-Marin-Montero-02-300x226.jpg 300w\" sizes=\"(max-width: 332px) 100vw, 332px\" \/>\t\t\t\t\t\t\t\t\t\t\t<figcaption class=\"widget-image-caption wp-caption-text\">Antonio mit seinem Neffen Jos\u00e9.<\/figcaption>\n\t\t\t\t\t\t\t\t\t\t<\/figure>\n\t\t\t\t\t\t\t\t\t<\/div>\n\t\t\t\t<\/div>\n\t\t\t\t\t<\/div>\n\t\t<\/div>\n\t\t\t\t\t<\/div>\n\t\t<\/section>\n\t\t\t\t<\/div>\n\t\t","protected":false},"excerpt":{"rendered":"<p>Antonio Marin Montero He is almost a legend today. Granada without Antonio Mar\u00edn is like flamenco without Paco de Lucia. Innumerable guitar builders have learned from him. He was always open to passing on his knowledge. Today, he is 90 years old and is in his workshop every day. He is one of the people [&hellip;]<\/p>\n","protected":false},"author":1,"featured_media":0,"parent":12614,"menu_order":0,"comment_status":"closed","ping_status":"closed","template":"elementor_header_footer","meta":{"footnotes":""},"class_list":["post-12637","page","type-page","status-publish","hentry"],"yoast_head":"<!-- This site is optimized with the Yoast SEO plugin v27.3 - https:\/\/yoast.com\/product\/yoast-seo-wordpress\/ -->\n<title>Antonio Marin Montero - Mundo Flamenco<\/title>\n<meta name=\"robots\" content=\"index, follow, max-snippet:-1, max-image-preview:large, max-video-preview:-1\" \/>\n<link rel=\"canonical\" href=\"https:\/\/www.mundo-flamenco.com\/en\/useful-information\/guitarbuilders\/antonio-marin-montero\/\" \/>\n<meta property=\"og:locale\" content=\"en_US\" \/>\n<meta property=\"og:type\" content=\"article\" \/>\n<meta property=\"og:title\" content=\"Antonio Marin Montero - Mundo Flamenco\" \/>\n<meta property=\"og:description\" content=\"Antonio Marin Montero He is almost a legend today. Granada without Antonio Mar\u00edn is like flamenco without Paco de Lucia. Innumerable guitar builders have learned from him. He was always open to passing on his knowledge. Today, he is 90 years old and is in his workshop every day. He is one of the people [&hellip;]\" \/>\n<meta property=\"og:url\" content=\"https:\/\/www.mundo-flamenco.com\/en\/useful-information\/guitarbuilders\/antonio-marin-montero\/\" \/>\n<meta property=\"og:site_name\" content=\"Mundo Flamenco\" \/>\n<meta property=\"article:modified_time\" content=\"2024-01-29T15:47:19+00:00\" \/>\n<meta property=\"og:image\" content=\"https:\/\/www.mundo-flamenco.com\/wp-content\/uploads\/2022\/09\/Antonio-Marin-Montero-01.jpg\" \/>\n<meta name=\"twitter:card\" content=\"summary_large_image\" \/>\n<meta name=\"twitter:label1\" content=\"Est. reading time\" \/>\n\t<meta name=\"twitter:data1\" content=\"2 minutes\" \/>\n<script type=\"application\/ld+json\" class=\"yoast-schema-graph\">{\"@context\":\"https:\\\/\\\/schema.org\",\"@graph\":[{\"@type\":\"WebPage\",\"@id\":\"https:\\\/\\\/www.mundo-flamenco.com\\\/en\\\/useful-information\\\/guitarbuilders\\\/antonio-marin-montero\\\/\",\"url\":\"https:\\\/\\\/www.mundo-flamenco.com\\\/en\\\/useful-information\\\/guitarbuilders\\\/antonio-marin-montero\\\/\",\"name\":\"Antonio Marin Montero - Mundo Flamenco\",\"isPartOf\":{\"@id\":\"https:\\\/\\\/www.mundo-flamenco.com\\\/#website\"},\"primaryImageOfPage\":{\"@id\":\"https:\\\/\\\/www.mundo-flamenco.com\\\/en\\\/useful-information\\\/guitarbuilders\\\/antonio-marin-montero\\\/#primaryimage\"},\"image\":{\"@id\":\"https:\\\/\\\/www.mundo-flamenco.com\\\/en\\\/useful-information\\\/guitarbuilders\\\/antonio-marin-montero\\\/#primaryimage\"},\"thumbnailUrl\":\"https:\\\/\\\/www.mundo-flamenco.com\\\/wp-content\\\/uploads\\\/2022\\\/09\\\/Antonio-Marin-Montero-01.jpg\",\"datePublished\":\"2022-09-14T13:41:11+00:00\",\"dateModified\":\"2024-01-29T15:47:19+00:00\",\"breadcrumb\":{\"@id\":\"https:\\\/\\\/www.mundo-flamenco.com\\\/en\\\/useful-information\\\/guitarbuilders\\\/antonio-marin-montero\\\/#breadcrumb\"},\"inLanguage\":\"en-US\",\"potentialAction\":[{\"@type\":\"ReadAction\",\"target\":[\"https:\\\/\\\/www.mundo-flamenco.com\\\/en\\\/useful-information\\\/guitarbuilders\\\/antonio-marin-montero\\\/\"]}]},{\"@type\":\"ImageObject\",\"inLanguage\":\"en-US\",\"@id\":\"https:\\\/\\\/www.mundo-flamenco.com\\\/en\\\/useful-information\\\/guitarbuilders\\\/antonio-marin-montero\\\/#primaryimage\",\"url\":\"https:\\\/\\\/www.mundo-flamenco.com\\\/wp-content\\\/uploads\\\/2022\\\/09\\\/Antonio-Marin-Montero-01.jpg\",\"contentUrl\":\"https:\\\/\\\/www.mundo-flamenco.com\\\/wp-content\\\/uploads\\\/2022\\\/09\\\/Antonio-Marin-Montero-01.jpg\"},{\"@type\":\"BreadcrumbList\",\"@id\":\"https:\\\/\\\/www.mundo-flamenco.com\\\/en\\\/useful-information\\\/guitarbuilders\\\/antonio-marin-montero\\\/#breadcrumb\",\"itemListElement\":[{\"@type\":\"ListItem\",\"position\":1,\"name\":\"Home\",\"item\":\"https:\\\/\\\/www.mundo-flamenco.com\\\/en\\\/\"},{\"@type\":\"ListItem\",\"position\":2,\"name\":\"Useful information\",\"item\":\"https:\\\/\\\/www.mundo-flamenco.com\\\/en\\\/useful-information\\\/\"},{\"@type\":\"ListItem\",\"position\":3,\"name\":\"Guitarbuilders\",\"item\":\"https:\\\/\\\/www.mundo-flamenco.com\\\/en\\\/useful-information\\\/guitarbuilders\\\/\"},{\"@type\":\"ListItem\",\"position\":4,\"name\":\"Antonio Marin Montero\"}]},{\"@type\":\"WebSite\",\"@id\":\"https:\\\/\\\/www.mundo-flamenco.com\\\/#website\",\"url\":\"https:\\\/\\\/www.mundo-flamenco.com\\\/\",\"name\":\"Mundo Flamenco\",\"description\":\"Mundo Flamenco, der Spezialist f\u00fcr Flamencogitarre, Flamencogitarren\",\"publisher\":{\"@id\":\"https:\\\/\\\/www.mundo-flamenco.com\\\/#organization\"},\"potentialAction\":[{\"@type\":\"SearchAction\",\"target\":{\"@type\":\"EntryPoint\",\"urlTemplate\":\"https:\\\/\\\/www.mundo-flamenco.com\\\/?s={search_term_string}\"},\"query-input\":{\"@type\":\"PropertyValueSpecification\",\"valueRequired\":true,\"valueName\":\"search_term_string\"}}],\"inLanguage\":\"en-US\"},{\"@type\":\"Organization\",\"@id\":\"https:\\\/\\\/www.mundo-flamenco.com\\\/#organization\",\"name\":\"Mundo Flamenco\",\"url\":\"https:\\\/\\\/www.mundo-flamenco.com\\\/\",\"logo\":{\"@type\":\"ImageObject\",\"inLanguage\":\"en-US\",\"@id\":\"https:\\\/\\\/www.mundo-flamenco.com\\\/#\\\/schema\\\/logo\\\/image\\\/\",\"url\":\"https:\\\/\\\/www.mundo-flamenco.com\\\/wp-content\\\/uploads\\\/2022\\\/08\\\/mundo-flamenco-logo.png\",\"contentUrl\":\"https:\\\/\\\/www.mundo-flamenco.com\\\/wp-content\\\/uploads\\\/2022\\\/08\\\/mundo-flamenco-logo.png\",\"width\":514,\"height\":280,\"caption\":\"Mundo Flamenco\"},\"image\":{\"@id\":\"https:\\\/\\\/www.mundo-flamenco.com\\\/#\\\/schema\\\/logo\\\/image\\\/\"}}]}<\/script>\n<!-- \/ Yoast SEO plugin. -->","yoast_head_json":{"title":"Antonio Marin Montero - Mundo Flamenco","robots":{"index":"index","follow":"follow","max-snippet":"max-snippet:-1","max-image-preview":"max-image-preview:large","max-video-preview":"max-video-preview:-1"},"canonical":"https:\/\/www.mundo-flamenco.com\/en\/useful-information\/guitarbuilders\/antonio-marin-montero\/","og_locale":"en_US","og_type":"article","og_title":"Antonio Marin Montero - Mundo Flamenco","og_description":"Antonio Marin Montero He is almost a legend today. Granada without Antonio Mar\u00edn is like flamenco without Paco de Lucia. Innumerable guitar builders have learned from him. He was always open to passing on his knowledge. Today, he is 90 years old and is in his workshop every day. He is one of the people [&hellip;]","og_url":"https:\/\/www.mundo-flamenco.com\/en\/useful-information\/guitarbuilders\/antonio-marin-montero\/","og_site_name":"Mundo Flamenco","article_modified_time":"2024-01-29T15:47:19+00:00","og_image":[{"url":"https:\/\/www.mundo-flamenco.com\/wp-content\/uploads\/2022\/09\/Antonio-Marin-Montero-01.jpg","type":"","width":"","height":""}],"twitter_card":"summary_large_image","twitter_misc":{"Est. reading time":"2 minutes"},"schema":{"@context":"https:\/\/schema.org","@graph":[{"@type":"WebPage","@id":"https:\/\/www.mundo-flamenco.com\/en\/useful-information\/guitarbuilders\/antonio-marin-montero\/","url":"https:\/\/www.mundo-flamenco.com\/en\/useful-information\/guitarbuilders\/antonio-marin-montero\/","name":"Antonio Marin Montero - Mundo Flamenco","isPartOf":{"@id":"https:\/\/www.mundo-flamenco.com\/#website"},"primaryImageOfPage":{"@id":"https:\/\/www.mundo-flamenco.com\/en\/useful-information\/guitarbuilders\/antonio-marin-montero\/#primaryimage"},"image":{"@id":"https:\/\/www.mundo-flamenco.com\/en\/useful-information\/guitarbuilders\/antonio-marin-montero\/#primaryimage"},"thumbnailUrl":"https:\/\/www.mundo-flamenco.com\/wp-content\/uploads\/2022\/09\/Antonio-Marin-Montero-01.jpg","datePublished":"2022-09-14T13:41:11+00:00","dateModified":"2024-01-29T15:47:19+00:00","breadcrumb":{"@id":"https:\/\/www.mundo-flamenco.com\/en\/useful-information\/guitarbuilders\/antonio-marin-montero\/#breadcrumb"},"inLanguage":"en-US","potentialAction":[{"@type":"ReadAction","target":["https:\/\/www.mundo-flamenco.com\/en\/useful-information\/guitarbuilders\/antonio-marin-montero\/"]}]},{"@type":"ImageObject","inLanguage":"en-US","@id":"https:\/\/www.mundo-flamenco.com\/en\/useful-information\/guitarbuilders\/antonio-marin-montero\/#primaryimage","url":"https:\/\/www.mundo-flamenco.com\/wp-content\/uploads\/2022\/09\/Antonio-Marin-Montero-01.jpg","contentUrl":"https:\/\/www.mundo-flamenco.com\/wp-content\/uploads\/2022\/09\/Antonio-Marin-Montero-01.jpg"},{"@type":"BreadcrumbList","@id":"https:\/\/www.mundo-flamenco.com\/en\/useful-information\/guitarbuilders\/antonio-marin-montero\/#breadcrumb","itemListElement":[{"@type":"ListItem","position":1,"name":"Home","item":"https:\/\/www.mundo-flamenco.com\/en\/"},{"@type":"ListItem","position":2,"name":"Useful information","item":"https:\/\/www.mundo-flamenco.com\/en\/useful-information\/"},{"@type":"ListItem","position":3,"name":"Guitarbuilders","item":"https:\/\/www.mundo-flamenco.com\/en\/useful-information\/guitarbuilders\/"},{"@type":"ListItem","position":4,"name":"Antonio Marin Montero"}]},{"@type":"WebSite","@id":"https:\/\/www.mundo-flamenco.com\/#website","url":"https:\/\/www.mundo-flamenco.com\/","name":"Mundo Flamenco","description":"Mundo Flamenco, der Spezialist f\u00fcr Flamencogitarre, Flamencogitarren","publisher":{"@id":"https:\/\/www.mundo-flamenco.com\/#organization"},"potentialAction":[{"@type":"SearchAction","target":{"@type":"EntryPoint","urlTemplate":"https:\/\/www.mundo-flamenco.com\/?s={search_term_string}"},"query-input":{"@type":"PropertyValueSpecification","valueRequired":true,"valueName":"search_term_string"}}],"inLanguage":"en-US"},{"@type":"Organization","@id":"https:\/\/www.mundo-flamenco.com\/#organization","name":"Mundo Flamenco","url":"https:\/\/www.mundo-flamenco.com\/","logo":{"@type":"ImageObject","inLanguage":"en-US","@id":"https:\/\/www.mundo-flamenco.com\/#\/schema\/logo\/image\/","url":"https:\/\/www.mundo-flamenco.com\/wp-content\/uploads\/2022\/08\/mundo-flamenco-logo.png","contentUrl":"https:\/\/www.mundo-flamenco.com\/wp-content\/uploads\/2022\/08\/mundo-flamenco-logo.png","width":514,"height":280,"caption":"Mundo Flamenco"},"image":{"@id":"https:\/\/www.mundo-flamenco.com\/#\/schema\/logo\/image\/"}}]}},"_links":{"self":[{"href":"https:\/\/www.mundo-flamenco.com\/en\/wp-json\/wp\/v2\/pages\/12637","targetHints":{"allow":["GET"]}}],"collection":[{"href":"https:\/\/www.mundo-flamenco.com\/en\/wp-json\/wp\/v2\/pages"}],"about":[{"href":"https:\/\/www.mundo-flamenco.com\/en\/wp-json\/wp\/v2\/types\/page"}],"author":[{"embeddable":true,"href":"https:\/\/www.mundo-flamenco.com\/en\/wp-json\/wp\/v2\/users\/1"}],"replies":[{"embeddable":true,"href":"https:\/\/www.mundo-flamenco.com\/en\/wp-json\/wp\/v2\/comments?post=12637"}],"version-history":[{"count":7,"href":"https:\/\/www.mundo-flamenco.com\/en\/wp-json\/wp\/v2\/pages\/12637\/revisions"}],"predecessor-version":[{"id":13348,"href":"https:\/\/www.mundo-flamenco.com\/en\/wp-json\/wp\/v2\/pages\/12637\/revisions\/13348"}],"up":[{"embeddable":true,"href":"https:\/\/www.mundo-flamenco.com\/en\/wp-json\/wp\/v2\/pages\/12614"}],"wp:attachment":[{"href":"https:\/\/www.mundo-flamenco.com\/en\/wp-json\/wp\/v2\/media?parent=12637"}],"curies":[{"name":"wp","href":"https:\/\/api.w.org\/{rel}","templated":true}]}}