{"id":12642,"date":"2022-09-15T12:05:23","date_gmt":"2022-09-15T10:05:23","guid":{"rendered":"https:\/\/kunstwerk-design.de\/previews\/mundoflamenco\/?page_id=12642"},"modified":"2024-01-29T16:47:57","modified_gmt":"2024-01-29T15:47:57","slug":"jose-marin-plazuelo","status":"publish","type":"page","link":"https:\/\/www.mundo-flamenco.com\/en\/useful-information\/guitarbuilders\/jose-marin-plazuelo\/","title":{"rendered":"Jos\u00e9 Marin Plazuelo\u200b"},"content":{"rendered":"\t\t<div data-elementor-type=\"wp-post\" data-elementor-id=\"12642\" class=\"elementor elementor-12642 elementor-1600\" data-elementor-post-type=\"page\">\n\t\t\t\t\t\t<section class=\"elementor-section elementor-top-section elementor-element elementor-element-cc30691 elementor-section-height-min-height elementor-section-items-bottom elementor-section-boxed elementor-section-height-default\" data-id=\"cc30691\" data-element_type=\"section\" data-e-type=\"section\">\n\t\t\t\t\t\t<div class=\"elementor-container elementor-column-gap-default\">\n\t\t\t\t\t<div class=\"elementor-column elementor-col-100 elementor-top-column elementor-element elementor-element-567643c\" data-id=\"567643c\" data-element_type=\"column\" data-e-type=\"column\">\n\t\t\t<div class=\"elementor-widget-wrap elementor-element-populated\">\n\t\t\t\t\t\t<div class=\"elementor-element elementor-element-0d03c0a elementor-widget elementor-widget-heading\" data-id=\"0d03c0a\" data-element_type=\"widget\" data-e-type=\"widget\" data-widget_type=\"heading.default\">\n\t\t\t\t<div class=\"elementor-widget-container\">\n\t\t\t\t\t<h1 class=\"elementor-heading-title elementor-size-default\">Jos\u00e9 Mar\u00edn Plazuelo\n<\/h1>\t\t\t\t<\/div>\n\t\t\t\t<\/div>\n\t\t\t\t\t<\/div>\n\t\t<\/div>\n\t\t\t\t\t<\/div>\n\t\t<\/section>\n\t\t\t\t<section class=\"elementor-section elementor-top-section elementor-element elementor-element-40b582f elementor-section-boxed elementor-section-height-default elementor-section-height-default\" data-id=\"40b582f\" data-element_type=\"section\" data-e-type=\"section\">\n\t\t\t\t\t\t<div class=\"elementor-container elementor-column-gap-default\">\n\t\t\t\t\t<div class=\"elementor-column elementor-col-50 elementor-top-column elementor-element elementor-element-a1dafd9\" data-id=\"a1dafd9\" data-element_type=\"column\" data-e-type=\"column\">\n\t\t\t<div class=\"elementor-widget-wrap elementor-element-populated\">\n\t\t\t\t\t\t<div class=\"elementor-element elementor-element-6225c6b elementor-widget elementor-widget-text-editor\" data-id=\"6225c6b\" data-element_type=\"widget\" data-e-type=\"widget\" data-widget_type=\"text-editor.default\">\n\t\t\t\t<div class=\"elementor-widget-container\">\n\t\t\t\t\t\t\t\t\t<div class=\"csc-textpic-text\"><p class=\"bodytext\">Nephew of Antonio Mar\u00edn. He has been working alongside Antonio for 45 years. The result is worth seeing, I consider him one of the five best guitar builders in Spain today. His flamenco guitars are unbelievably loud. Many people even say that they roar. They also respond well and demonstrate very good craftsmanship. The treble is very powerful and the bass well balanced. A louder Flamenco guitar would be hard to find<\/p><\/div>\t\t\t\t\t\t\t\t<\/div>\n\t\t\t\t<\/div>\n\t\t\t\t<div class=\"elementor-element elementor-element-9c13f6e elementor-widget elementor-widget-button\" data-id=\"9c13f6e\" data-element_type=\"widget\" data-e-type=\"widget\" data-widget_type=\"button.default\">\n\t\t\t\t<div class=\"elementor-widget-container\">\n\t\t\t\t\t\t\t\t\t<div class=\"elementor-button-wrapper\">\n\t\t\t\t\t<a class=\"elementor-button elementor-button-link elementor-size-sm\" href=\"https:\/\/www.mundo-flamenco.com\/en\/useful-information\/guitarbuilders\/\">\n\t\t\t\t\t\t<span class=\"elementor-button-content-wrapper\">\n\t\t\t\t\t\t\t\t\t<span class=\"elementor-button-text\">&lt; Back to overview<\/span>\n\t\t\t\t\t<\/span>\n\t\t\t\t\t<\/a>\n\t\t\t\t<\/div>\n\t\t\t\t\t\t\t\t<\/div>\n\t\t\t\t<\/div>\n\t\t\t\t\t<\/div>\n\t\t<\/div>\n\t\t\t\t<div class=\"elementor-column elementor-col-50 elementor-top-column elementor-element elementor-element-73d532e\" data-id=\"73d532e\" data-element_type=\"column\" data-e-type=\"column\">\n\t\t\t<div class=\"elementor-widget-wrap elementor-element-populated\">\n\t\t\t\t\t\t<div class=\"elementor-element elementor-element-d8ee2a8 elementor-widget elementor-widget-image\" data-id=\"d8ee2a8\" data-element_type=\"widget\" data-e-type=\"widget\" data-widget_type=\"image.default\">\n\t\t\t\t<div class=\"elementor-widget-container\">\n\t\t\t\t\t\t\t\t\t\t\t\t<figure class=\"wp-caption\">\n\t\t\t\t\t\t\t\t\t\t<img fetchpriority=\"high\" decoding=\"async\" width=\"675\" height=\"507\" src=\"https:\/\/www.mundo-flamenco.com\/wp-content\/uploads\/2022\/09\/Jose-Marin-Plazuelo.jpg\" class=\"attachment-large size-large wp-image-1565\" alt=\"\" srcset=\"https:\/\/www.mundo-flamenco.com\/wp-content\/uploads\/2022\/09\/Jose-Marin-Plazuelo.jpg 675w, https:\/\/www.mundo-flamenco.com\/wp-content\/uploads\/2022\/09\/Jose-Marin-Plazuelo-300x225.jpg 300w\" sizes=\"(max-width: 675px) 100vw, 675px\" \/>\t\t\t\t\t\t\t\t\t\t\t<figcaption class=\"widget-image-caption wp-caption-text\">Von links nach rechts: Antonio Mar\u00edn Montero und Jos\u00e9 Mar\u00edn Plazuelo<\/figcaption>\n\t\t\t\t\t\t\t\t\t\t<\/figure>\n\t\t\t\t\t\t\t\t\t<\/div>\n\t\t\t\t<\/div>\n\t\t\t\t\t<\/div>\n\t\t<\/div>\n\t\t\t\t\t<\/div>\n\t\t<\/section>\n\t\t\t\t<\/div>\n\t\t","protected":false},"excerpt":{"rendered":"<p>Jos\u00e9 Mar\u00edn Plazuelo Nephew of Antonio Mar\u00edn. He has been working alongside Antonio for 45 years. The result is worth seeing, I consider him one of the five best guitar builders in Spain today. His flamenco guitars are unbelievably loud. Many people even say that they roar. They also respond well and demonstrate very good [&hellip;]<\/p>\n","protected":false},"author":1,"featured_media":0,"parent":12614,"menu_order":0,"comment_status":"closed","ping_status":"closed","template":"elementor_header_footer","meta":{"footnotes":""},"class_list":["post-12642","page","type-page","status-publish","hentry"],"yoast_head":"<!-- This site is optimized with the Yoast SEO plugin v27.3 - https:\/\/yoast.com\/product\/yoast-seo-wordpress\/ -->\n<title>Jos\u00e9 Marin Plazuelo\u200b - Mundo Flamenco<\/title>\n<meta name=\"robots\" content=\"index, follow, max-snippet:-1, max-image-preview:large, max-video-preview:-1\" \/>\n<link rel=\"canonical\" href=\"https:\/\/www.mundo-flamenco.com\/en\/useful-information\/guitarbuilders\/jose-marin-plazuelo\/\" \/>\n<meta property=\"og:locale\" content=\"en_US\" \/>\n<meta property=\"og:type\" content=\"article\" \/>\n<meta property=\"og:title\" content=\"Jos\u00e9 Marin Plazuelo\u200b - Mundo Flamenco\" \/>\n<meta property=\"og:description\" content=\"Jos\u00e9 Mar\u00edn Plazuelo Nephew of Antonio Mar\u00edn. He has been working alongside Antonio for 45 years. The result is worth seeing, I consider him one of the five best guitar builders in Spain today. His flamenco guitars are unbelievably loud. Many people even say that they roar. They also respond well and demonstrate very good [&hellip;]\" \/>\n<meta property=\"og:url\" content=\"https:\/\/www.mundo-flamenco.com\/en\/useful-information\/guitarbuilders\/jose-marin-plazuelo\/\" \/>\n<meta property=\"og:site_name\" content=\"Mundo Flamenco\" \/>\n<meta property=\"article:modified_time\" content=\"2024-01-29T15:47:57+00:00\" \/>\n<meta property=\"og:image\" content=\"https:\/\/www.mundo-flamenco.com\/wp-content\/uploads\/2022\/09\/Jose-Marin-Plazuelo.jpg\" \/>\n<meta name=\"twitter:card\" content=\"summary_large_image\" \/>\n<meta name=\"twitter:label1\" content=\"Est. reading time\" \/>\n\t<meta name=\"twitter:data1\" content=\"1 minute\" \/>\n<script type=\"application\/ld+json\" class=\"yoast-schema-graph\">{\"@context\":\"https:\\\/\\\/schema.org\",\"@graph\":[{\"@type\":\"WebPage\",\"@id\":\"https:\\\/\\\/www.mundo-flamenco.com\\\/en\\\/useful-information\\\/guitarbuilders\\\/jose-marin-plazuelo\\\/\",\"url\":\"https:\\\/\\\/www.mundo-flamenco.com\\\/en\\\/useful-information\\\/guitarbuilders\\\/jose-marin-plazuelo\\\/\",\"name\":\"Jos\u00e9 Marin Plazuelo\u200b - Mundo Flamenco\",\"isPartOf\":{\"@id\":\"https:\\\/\\\/www.mundo-flamenco.com\\\/#website\"},\"primaryImageOfPage\":{\"@id\":\"https:\\\/\\\/www.mundo-flamenco.com\\\/en\\\/useful-information\\\/guitarbuilders\\\/jose-marin-plazuelo\\\/#primaryimage\"},\"image\":{\"@id\":\"https:\\\/\\\/www.mundo-flamenco.com\\\/en\\\/useful-information\\\/guitarbuilders\\\/jose-marin-plazuelo\\\/#primaryimage\"},\"thumbnailUrl\":\"https:\\\/\\\/www.mundo-flamenco.com\\\/wp-content\\\/uploads\\\/2022\\\/09\\\/Jose-Marin-Plazuelo.jpg\",\"datePublished\":\"2022-09-15T10:05:23+00:00\",\"dateModified\":\"2024-01-29T15:47:57+00:00\",\"breadcrumb\":{\"@id\":\"https:\\\/\\\/www.mundo-flamenco.com\\\/en\\\/useful-information\\\/guitarbuilders\\\/jose-marin-plazuelo\\\/#breadcrumb\"},\"inLanguage\":\"en-US\",\"potentialAction\":[{\"@type\":\"ReadAction\",\"target\":[\"https:\\\/\\\/www.mundo-flamenco.com\\\/en\\\/useful-information\\\/guitarbuilders\\\/jose-marin-plazuelo\\\/\"]}]},{\"@type\":\"ImageObject\",\"inLanguage\":\"en-US\",\"@id\":\"https:\\\/\\\/www.mundo-flamenco.com\\\/en\\\/useful-information\\\/guitarbuilders\\\/jose-marin-plazuelo\\\/#primaryimage\",\"url\":\"https:\\\/\\\/www.mundo-flamenco.com\\\/wp-content\\\/uploads\\\/2022\\\/09\\\/Jose-Marin-Plazuelo.jpg\",\"contentUrl\":\"https:\\\/\\\/www.mundo-flamenco.com\\\/wp-content\\\/uploads\\\/2022\\\/09\\\/Jose-Marin-Plazuelo.jpg\"},{\"@type\":\"BreadcrumbList\",\"@id\":\"https:\\\/\\\/www.mundo-flamenco.com\\\/en\\\/useful-information\\\/guitarbuilders\\\/jose-marin-plazuelo\\\/#breadcrumb\",\"itemListElement\":[{\"@type\":\"ListItem\",\"position\":1,\"name\":\"Home\",\"item\":\"https:\\\/\\\/www.mundo-flamenco.com\\\/en\\\/\"},{\"@type\":\"ListItem\",\"position\":2,\"name\":\"Useful information\",\"item\":\"https:\\\/\\\/www.mundo-flamenco.com\\\/en\\\/useful-information\\\/\"},{\"@type\":\"ListItem\",\"position\":3,\"name\":\"Guitarbuilders\",\"item\":\"https:\\\/\\\/www.mundo-flamenco.com\\\/en\\\/useful-information\\\/guitarbuilders\\\/\"},{\"@type\":\"ListItem\",\"position\":4,\"name\":\"Jos\u00e9 Marin Plazuelo\u200b\"}]},{\"@type\":\"WebSite\",\"@id\":\"https:\\\/\\\/www.mundo-flamenco.com\\\/#website\",\"url\":\"https:\\\/\\\/www.mundo-flamenco.com\\\/\",\"name\":\"Mundo Flamenco\",\"description\":\"Mundo Flamenco, der Spezialist f\u00fcr Flamencogitarre, Flamencogitarren\",\"publisher\":{\"@id\":\"https:\\\/\\\/www.mundo-flamenco.com\\\/#organization\"},\"potentialAction\":[{\"@type\":\"SearchAction\",\"target\":{\"@type\":\"EntryPoint\",\"urlTemplate\":\"https:\\\/\\\/www.mundo-flamenco.com\\\/?s={search_term_string}\"},\"query-input\":{\"@type\":\"PropertyValueSpecification\",\"valueRequired\":true,\"valueName\":\"search_term_string\"}}],\"inLanguage\":\"en-US\"},{\"@type\":\"Organization\",\"@id\":\"https:\\\/\\\/www.mundo-flamenco.com\\\/#organization\",\"name\":\"Mundo Flamenco\",\"url\":\"https:\\\/\\\/www.mundo-flamenco.com\\\/\",\"logo\":{\"@type\":\"ImageObject\",\"inLanguage\":\"en-US\",\"@id\":\"https:\\\/\\\/www.mundo-flamenco.com\\\/#\\\/schema\\\/logo\\\/image\\\/\",\"url\":\"https:\\\/\\\/www.mundo-flamenco.com\\\/wp-content\\\/uploads\\\/2022\\\/08\\\/mundo-flamenco-logo.png\",\"contentUrl\":\"https:\\\/\\\/www.mundo-flamenco.com\\\/wp-content\\\/uploads\\\/2022\\\/08\\\/mundo-flamenco-logo.png\",\"width\":514,\"height\":280,\"caption\":\"Mundo Flamenco\"},\"image\":{\"@id\":\"https:\\\/\\\/www.mundo-flamenco.com\\\/#\\\/schema\\\/logo\\\/image\\\/\"}}]}<\/script>\n<!-- \/ Yoast SEO plugin. -->","yoast_head_json":{"title":"Jos\u00e9 Marin Plazuelo\u200b - Mundo Flamenco","robots":{"index":"index","follow":"follow","max-snippet":"max-snippet:-1","max-image-preview":"max-image-preview:large","max-video-preview":"max-video-preview:-1"},"canonical":"https:\/\/www.mundo-flamenco.com\/en\/useful-information\/guitarbuilders\/jose-marin-plazuelo\/","og_locale":"en_US","og_type":"article","og_title":"Jos\u00e9 Marin Plazuelo\u200b - Mundo Flamenco","og_description":"Jos\u00e9 Mar\u00edn Plazuelo Nephew of Antonio Mar\u00edn. He has been working alongside Antonio for 45 years. The result is worth seeing, I consider him one of the five best guitar builders in Spain today. His flamenco guitars are unbelievably loud. Many people even say that they roar. They also respond well and demonstrate very good [&hellip;]","og_url":"https:\/\/www.mundo-flamenco.com\/en\/useful-information\/guitarbuilders\/jose-marin-plazuelo\/","og_site_name":"Mundo Flamenco","article_modified_time":"2024-01-29T15:47:57+00:00","og_image":[{"url":"https:\/\/www.mundo-flamenco.com\/wp-content\/uploads\/2022\/09\/Jose-Marin-Plazuelo.jpg","type":"","width":"","height":""}],"twitter_card":"summary_large_image","twitter_misc":{"Est. reading time":"1 minute"},"schema":{"@context":"https:\/\/schema.org","@graph":[{"@type":"WebPage","@id":"https:\/\/www.mundo-flamenco.com\/en\/useful-information\/guitarbuilders\/jose-marin-plazuelo\/","url":"https:\/\/www.mundo-flamenco.com\/en\/useful-information\/guitarbuilders\/jose-marin-plazuelo\/","name":"Jos\u00e9 Marin Plazuelo\u200b - Mundo Flamenco","isPartOf":{"@id":"https:\/\/www.mundo-flamenco.com\/#website"},"primaryImageOfPage":{"@id":"https:\/\/www.mundo-flamenco.com\/en\/useful-information\/guitarbuilders\/jose-marin-plazuelo\/#primaryimage"},"image":{"@id":"https:\/\/www.mundo-flamenco.com\/en\/useful-information\/guitarbuilders\/jose-marin-plazuelo\/#primaryimage"},"thumbnailUrl":"https:\/\/www.mundo-flamenco.com\/wp-content\/uploads\/2022\/09\/Jose-Marin-Plazuelo.jpg","datePublished":"2022-09-15T10:05:23+00:00","dateModified":"2024-01-29T15:47:57+00:00","breadcrumb":{"@id":"https:\/\/www.mundo-flamenco.com\/en\/useful-information\/guitarbuilders\/jose-marin-plazuelo\/#breadcrumb"},"inLanguage":"en-US","potentialAction":[{"@type":"ReadAction","target":["https:\/\/www.mundo-flamenco.com\/en\/useful-information\/guitarbuilders\/jose-marin-plazuelo\/"]}]},{"@type":"ImageObject","inLanguage":"en-US","@id":"https:\/\/www.mundo-flamenco.com\/en\/useful-information\/guitarbuilders\/jose-marin-plazuelo\/#primaryimage","url":"https:\/\/www.mundo-flamenco.com\/wp-content\/uploads\/2022\/09\/Jose-Marin-Plazuelo.jpg","contentUrl":"https:\/\/www.mundo-flamenco.com\/wp-content\/uploads\/2022\/09\/Jose-Marin-Plazuelo.jpg"},{"@type":"BreadcrumbList","@id":"https:\/\/www.mundo-flamenco.com\/en\/useful-information\/guitarbuilders\/jose-marin-plazuelo\/#breadcrumb","itemListElement":[{"@type":"ListItem","position":1,"name":"Home","item":"https:\/\/www.mundo-flamenco.com\/en\/"},{"@type":"ListItem","position":2,"name":"Useful information","item":"https:\/\/www.mundo-flamenco.com\/en\/useful-information\/"},{"@type":"ListItem","position":3,"name":"Guitarbuilders","item":"https:\/\/www.mundo-flamenco.com\/en\/useful-information\/guitarbuilders\/"},{"@type":"ListItem","position":4,"name":"Jos\u00e9 Marin Plazuelo\u200b"}]},{"@type":"WebSite","@id":"https:\/\/www.mundo-flamenco.com\/#website","url":"https:\/\/www.mundo-flamenco.com\/","name":"Mundo Flamenco","description":"Mundo Flamenco, der Spezialist f\u00fcr Flamencogitarre, Flamencogitarren","publisher":{"@id":"https:\/\/www.mundo-flamenco.com\/#organization"},"potentialAction":[{"@type":"SearchAction","target":{"@type":"EntryPoint","urlTemplate":"https:\/\/www.mundo-flamenco.com\/?s={search_term_string}"},"query-input":{"@type":"PropertyValueSpecification","valueRequired":true,"valueName":"search_term_string"}}],"inLanguage":"en-US"},{"@type":"Organization","@id":"https:\/\/www.mundo-flamenco.com\/#organization","name":"Mundo Flamenco","url":"https:\/\/www.mundo-flamenco.com\/","logo":{"@type":"ImageObject","inLanguage":"en-US","@id":"https:\/\/www.mundo-flamenco.com\/#\/schema\/logo\/image\/","url":"https:\/\/www.mundo-flamenco.com\/wp-content\/uploads\/2022\/08\/mundo-flamenco-logo.png","contentUrl":"https:\/\/www.mundo-flamenco.com\/wp-content\/uploads\/2022\/08\/mundo-flamenco-logo.png","width":514,"height":280,"caption":"Mundo Flamenco"},"image":{"@id":"https:\/\/www.mundo-flamenco.com\/#\/schema\/logo\/image\/"}}]}},"_links":{"self":[{"href":"https:\/\/www.mundo-flamenco.com\/en\/wp-json\/wp\/v2\/pages\/12642","targetHints":{"allow":["GET"]}}],"collection":[{"href":"https:\/\/www.mundo-flamenco.com\/en\/wp-json\/wp\/v2\/pages"}],"about":[{"href":"https:\/\/www.mundo-flamenco.com\/en\/wp-json\/wp\/v2\/types\/page"}],"author":[{"embeddable":true,"href":"https:\/\/www.mundo-flamenco.com\/en\/wp-json\/wp\/v2\/users\/1"}],"replies":[{"embeddable":true,"href":"https:\/\/www.mundo-flamenco.com\/en\/wp-json\/wp\/v2\/comments?post=12642"}],"version-history":[{"count":7,"href":"https:\/\/www.mundo-flamenco.com\/en\/wp-json\/wp\/v2\/pages\/12642\/revisions"}],"predecessor-version":[{"id":13363,"href":"https:\/\/www.mundo-flamenco.com\/en\/wp-json\/wp\/v2\/pages\/12642\/revisions\/13363"}],"up":[{"embeddable":true,"href":"https:\/\/www.mundo-flamenco.com\/en\/wp-json\/wp\/v2\/pages\/12614"}],"wp:attachment":[{"href":"https:\/\/www.mundo-flamenco.com\/en\/wp-json\/wp\/v2\/media?parent=12642"}],"curies":[{"name":"wp","href":"https:\/\/api.w.org\/{rel}","templated":true}]}}