{"id":251,"date":"2022-08-21T14:30:51","date_gmt":"2022-08-21T12:30:51","guid":{"rendered":"https:\/\/kunstwerk-design.de\/previews\/mundoflamenco\/?page_id=251"},"modified":"2026-04-01T13:45:51","modified_gmt":"2026-04-01T11:45:51","slug":"start","status":"publish","type":"page","link":"https:\/\/www.mundo-flamenco.com\/en\/","title":{"rendered":"Start"},"content":{"rendered":"\t\t<div data-elementor-type=\"wp-post\" data-elementor-id=\"251\" class=\"elementor elementor-251 elementor-6\" data-elementor-post-type=\"page\">\n\t\t\t\t\t\t<section class=\"elementor-section elementor-top-section elementor-element elementor-element-cc30691 elementor-section-boxed elementor-section-height-default elementor-section-height-default\" data-id=\"cc30691\" data-element_type=\"section\" data-e-type=\"section\">\n\t\t\t\t\t\t<div class=\"elementor-container elementor-column-gap-default\">\n\t\t\t\t\t<div class=\"elementor-column elementor-col-100 elementor-top-column elementor-element elementor-element-567643c\" data-id=\"567643c\" data-element_type=\"column\" data-e-type=\"column\">\n\t\t\t<div class=\"elementor-widget-wrap elementor-element-populated\">\n\t\t\t\t\t\t<div class=\"elementor-element elementor-element-237b1eb elementor--h-position-left elementor--v-position-bottom elementor-arrows-position-inside elementor-pagination-position-inside elementor-widget elementor-widget-slides\" data-id=\"237b1eb\" data-element_type=\"widget\" data-e-type=\"widget\" data-settings=\"{&quot;transition&quot;:&quot;fade&quot;,&quot;navigation&quot;:&quot;both&quot;,&quot;autoplay&quot;:&quot;yes&quot;,&quot;autoplay_speed&quot;:5000,&quot;infinite&quot;:&quot;yes&quot;,&quot;transition_speed&quot;:500}\" data-widget_type=\"slides.default\">\n\t\t\t\t<div class=\"elementor-widget-container\">\n\t\t\t\t\t\t\t\t\t<div class=\"elementor-swiper\">\n\t\t\t\t\t<div class=\"elementor-slides-wrapper elementor-main-swiper swiper\" role=\"region\" aria-roledescription=\"carousel\" aria-label=\"Slider\" dir=\"ltr\" data-animation=\"\">\n\t\t\t\t<div class=\"swiper-wrapper elementor-slides\">\n\t\t\t\t\t\t\t\t\t\t<div class=\"elementor-repeater-item-2eec5a8 swiper-slide\" role=\"group\" aria-roledescription=\"slide\"><div class=\"swiper-slide-bg\" role=\"img\" aria-label=\"mundo-workshop01.jpg\"><\/div><div class=\"elementor-background-overlay\"><\/div><div class=\"swiper-slide-inner\" ><div class=\"swiper-slide-contents\"><div class=\"elementor-slide-heading\">Workshops in May\/June in Granada with EL Amir - sold out<\/div><div class=\"elementor-slide-description\">Both Workshops are sold out<\/div><a href=\"https:\/\/www.mundo-flamenco.com\/en\/dates\/workshops\/\" class=\"elementor-button elementor-slide-button elementor-size-sm\">Go to Workshop<\/a><\/div><\/div><\/div><div class=\"elementor-repeater-item-9ceefac swiper-slide\" role=\"group\" aria-roledescription=\"slide\"><div class=\"swiper-slide-bg\" role=\"img\" aria-label=\"Titel_Gitarrenbauer\"><\/div><div class=\"elementor-background-overlay\"><\/div><div class=\"swiper-slide-inner\" ><div class=\"swiper-slide-contents\"><div class=\"elementor-slide-heading\">Just arrived and still not listed<\/div><div class=\"elementor-slide-description\">Francisco Barba 2021, Cypress\/Spruce - 9990 Euro - Jorge de la Zofia 2016,  Cypress\/Spruce\/Wooden Pegs - 2990 Euro - Jos\u00e9 A. Villalba 2020,  Cypress\/Spruce\/Wittner Pegs - 4500 Euro<\/div><\/div><\/div><\/div><div class=\"elementor-repeater-item-3b0931b swiper-slide\" role=\"group\" aria-roledescription=\"slide\"><div class=\"swiper-slide-bg\" role=\"img\" aria-label=\"22\"><\/div><div class=\"swiper-slide-inner\" ><div class=\"swiper-slide-contents\"><div class=\"elementor-slide-heading\">Holidays from 10-25 of April<\/div><div class=\"elementor-slide-description\">During this time Mundo Flamenco will be closed.<\/div><\/div><\/div><\/div><div class=\"elementor-repeater-item-d830c2e swiper-slide\" role=\"group\" aria-roledescription=\"slide\"><div class=\"swiper-slide-bg\" role=\"img\" aria-label=\"Frankfurt\"><\/div><a class=\"swiper-slide-inner\" href=\"https:\/\/www.mundo-flamenco.com\/en\/ricardo-sanchis-carpio-and-his-sons\/\"><div class=\"swiper-slide-contents\"><div class=\"elementor-slide-heading\">Ricardo Sanch\u00eds Carpio and his Sons Dav\u00edd and Germ\u00e1n Sanch\u00eds L\u00f3pez<\/div><div class=\"elementor-slide-description\">I would like to commemorate a guitar builder whom I consider to be one of the 5 best guitar craftsmen in flamenco.<\/div><div  class=\"elementor-button elementor-slide-button elementor-size-sm\">Click here for more Content<\/div><\/div><\/a><\/div>\t\t\t\t<\/div>\n\t\t\t\t\t\t\t\t\t\t\t\t\t\t\t<div class=\"elementor-swiper-button elementor-swiper-button-prev\" role=\"button\" tabindex=\"0\" aria-label=\"Previous slide\">\n\t\t\t\t\t\t\t<i aria-hidden=\"true\" class=\"eicon-chevron-left\"><\/i>\t\t\t\t\t\t<\/div>\n\t\t\t\t\t\t<div class=\"elementor-swiper-button elementor-swiper-button-next\" role=\"button\" tabindex=\"0\" aria-label=\"Next slide\">\n\t\t\t\t\t\t\t<i aria-hidden=\"true\" class=\"eicon-chevron-right\"><\/i>\t\t\t\t\t\t<\/div>\n\t\t\t\t\t\t\t\t\t\t\t\t\t\t\t\t<div class=\"swiper-pagination\"><\/div>\n\t\t\t\t\t\t\t\t\t\t\t\t<\/div>\n\t\t\t\t<\/div>\n\t\t\t\t\t\t\t\t<\/div>\n\t\t\t\t<\/div>\n\t\t\t\t\t<\/div>\n\t\t<\/div>\n\t\t\t\t\t<\/div>\n\t\t<\/section>\n\t\t\t\t<section class=\"elementor-section elementor-top-section elementor-element elementor-element-8711908 elementor-section-boxed elementor-section-height-default elementor-section-height-default\" data-id=\"8711908\" data-element_type=\"section\" data-e-type=\"section\">\n\t\t\t\t\t\t<div class=\"elementor-container elementor-column-gap-default\">\n\t\t\t\t\t<div class=\"elementor-column elementor-col-100 elementor-top-column elementor-element elementor-element-97302ad\" data-id=\"97302ad\" data-element_type=\"column\" data-e-type=\"column\">\n\t\t\t<div class=\"elementor-widget-wrap elementor-element-populated\">\n\t\t\t\t\t\t<div class=\"elementor-element elementor-element-7bacd9a elementor-widget elementor-widget-shortcode\" data-id=\"7bacd9a\" data-element_type=\"widget\" data-e-type=\"widget\" data-widget_type=\"shortcode.default\">\n\t\t\t\t<div class=\"elementor-widget-container\">\n\t\t\t\t\t\t\t<div class=\"elementor-shortcode\"><div class=\"w100 mt50\"><h3 class=\"w100 ml2 mb0 elementor-size-default\">Find Guitars<\/h3><div class=\"w100 mt30 guitar-finder-searcher\"><div class=\"row mb0\"><div class=\"w78 finder-forwarder-inner\"><div class=\"w30\"><p class=\"w100 tleft mb0\"><strong>Characteristics<\/strong><\/p><select class=\"w100 sinput filter-forward-mensur\"><option selected value=\"all\">Scale<\/option><option value=\"smaller\">< 66 cm<\/option><option value=\"larger\">>= 66 cm<\/option><\/select><select class=\"w100 mt10 sinput filter-forward-lackart\"><option selected value=\"all\">Varnish<\/option><option value=\"French Polish\">French Polish<\/option><option value=\"Lacquer\">Lacquer<\/option><\/select><select class=\"w100 mt10 sinput filter-forward-holzart\"><option selected value=\"all\">Wood species<\/option><option value=\"blanca\">Cypress, Maple (blanca)<\/option><option value=\"negra\">Rosewood (negra)<\/option><\/select><input class=\"w100 mt10 tinput filter-search\" placeholder=\"Search guitarbuilder...\" value=\"\" type=\"text\"><\/input><\/div><div class=\"w5\"><p>&nbsp;<\/p><\/div><div class=\"w30\"><p class=\"w100 tleft mb0\"><strong>Price<\/strong><\/p><div class=\"w100 mt10\"><div class=\"w20\"><p class=\"w100 mt5 stext mb0\">from:<\/p><\/div><div class=\"w80\"><select class=\"w100 mt0 sinput filter-price-from\"><option selected value=\"0\">0 \u20ac<\/option><option value=\"1000\">1,000 \u20ac<\/option><option value=\"2500\">2,500 \u20ac<\/option><option value=\"4000\">4,000 \u20ac<\/option><option value=\"6000\">6,000 \u20ac<\/option><option value=\"10000\">10,000 \u20ac<\/option><option value=\"20000\">20,000 \u20ac<\/option><\/select><\/div><\/div><div class=\"w100 mt10\"><div class=\"w20\"><p class=\"w100 mt5 stext mb0\">to:<\/p><\/div><div class=\"w80\"><select class=\"w100 mt0 sinput filter-price-until\"><option selected value=\"20000\">20,000 \u20ac<\/option><option value=\"10000\">10,000 \u20ac<\/option><option value=\"6000\">6,000 \u20ac<\/option><option value=\"4000\">4,000 \u20ac<\/option><option value=\"2500\">2,500 \u20ac<\/option><option value=\"1000\">1,000 \u20ac<\/option><option value=\"0\">0 \u20ac<\/option><\/select><\/div><\/div><p class=\"w100 mt35 stext mb0\">Prices are final prices, including taxes. Plus shipping costs.<\/p><\/div><div class=\"w5\"><p>&nbsp;<\/p><\/div><div class=\"w30\"><p class=\"w100 tleft mb0\"><strong>Category<\/strong><\/p><div class=\"w100 mt10 catcheck checked\" gcid=\"1\"><div class=\"checkbox checked\"><\/div><p class=\"checklabel\">New<\/p><\/div><div class=\"w100 mt10 catcheck checked\" gcid=\"2\"><div class=\"checkbox checked\"><\/div><p class=\"checklabel\">Second hand<\/p><\/div><div class=\"w100 mt10 catcheck checked\" gcid=\"3\"><div class=\"checkbox checked\"><\/div><p class=\"checklabel\">Highlights<\/p><\/div><div class=\"w100 mt10 catcheck checked\" gcid=\"4\"><div class=\"checkbox checked\"><\/div><p class=\"checklabel\">Sold<\/p><\/div><\/div><\/div><div class=\"w22 finder-count-container\"><div class=\"count-center\"><p class=\"w100 tcenter mb0 counter-guitars\"><\/p><p class=\"w100 tcenter mb0 stext cwhite\"><strong>Show guitars<\/strong><\/p><\/div><\/div><\/div><\/div><div class=\"w100 mt50\"><p class=\"label-filtering-mobile\">Sort by:<\/p><select class=\"w100 sinput filter-ordering\"><option selected value=\"basic\">by popularity<\/option><option value=\"price_asc\">price ascending<\/option><option value=\"price_desc\">price descending<\/option><option value=\"name_asc\">name A until Z<\/option><option value=\"name_desc\">name Z until A<\/option><\/select><p class=\"label-filtering mr5 wauto\">Sort by:<\/p><\/div><\/div><div class=\"w100 loader-prev\"><img decoding=\"async\" class=\"loader-img\" src=\"https:\/\/www.mundo-flamenco.com\/wp-content\/plugins\/gitarrenfinder\/images\/loader.svg\" alt=\"loading\" \/><\/div><div class=\"w100 preview-container guitars-container mt50\"><input type=\"hidden\" id=\"baseurl\" value=\"https:\/\/www.mundo-flamenco.com\"><\/input><input type=\"hidden\" id=\"language\" value=\"en\"><\/input><\/div><div class=\"w100 mt0\"><div class=\"w100 loader\"><img decoding=\"async\" class=\"loader-img\" src=\"https:\/\/www.mundo-flamenco.com\/wp-content\/plugins\/gitarrenfinder\/images\/loader.svg\" alt=\"loading\" \/><\/div><p class=\"tcenter showmore-guits mt0\">Show more guitars...<\/p><\/div><input type=\"hidden\" id=\"result_count\" value=\"\"><\/input><\/div>\n\t\t\t\t\t\t<\/div>\n\t\t\t\t<\/div>\n\t\t\t\t\t<\/div>\n\t\t<\/div>\n\t\t\t\t\t<\/div>\n\t\t<\/section>\n\t\t\t\t<\/div>\n\t\t","protected":false},"excerpt":{"rendered":"<p>Workshops in May\/June in Granada with EL Amir &#8211; sold outBoth Workshops are sold outGo to WorkshopJust arrived and still not listedFrancisco Barba 2021, Cypress\/Spruce &#8211; 9990 Euro &#8211; Jorge de la Zofia 2016, Cypress\/Spruce\/Wooden Pegs &#8211; 2990 Euro &#8211; Jos\u00e9 A. Villalba 2020, Cypress\/Spruce\/Wittner Pegs &#8211; 4500 EuroHolidays from 10-25 of AprilDuring this time [&hellip;]<\/p>\n","protected":false},"author":1,"featured_media":0,"parent":0,"menu_order":0,"comment_status":"closed","ping_status":"closed","template":"","meta":{"footnotes":""},"class_list":["post-251","page","type-page","status-publish","hentry"],"yoast_head":"<!-- This site is optimized with the Yoast SEO plugin v27.3 - https:\/\/yoast.com\/product\/yoast-seo-wordpress\/ -->\n<title>Mundo Flamenco, Freiburg \/ Flamenco guitars, workshops, information...<\/title>\n<meta name=\"robots\" content=\"index, follow, max-snippet:-1, max-image-preview:large, max-video-preview:-1\" \/>\n<link rel=\"canonical\" href=\"https:\/\/www.mundo-flamenco.com\/en\/\" \/>\n<meta property=\"og:locale\" content=\"en_US\" \/>\n<meta property=\"og:type\" content=\"article\" \/>\n<meta property=\"og:title\" content=\"Mundo Flamenco, Freiburg \/ Flamenco guitars, workshops, information...\" \/>\n<meta property=\"og:description\" content=\"Workshops in May\/June in Granada with EL Amir &#8211; sold outBoth Workshops are sold outGo to WorkshopJust arrived and still not listedFrancisco Barba 2021, Cypress\/Spruce &#8211; 9990 Euro &#8211; Jorge de la Zofia 2016, Cypress\/Spruce\/Wooden Pegs &#8211; 2990 Euro &#8211; Jos\u00e9 A. Villalba 2020, Cypress\/Spruce\/Wittner Pegs &#8211; 4500 EuroHolidays from 10-25 of AprilDuring this time [&hellip;]\" \/>\n<meta property=\"og:url\" content=\"https:\/\/www.mundo-flamenco.com\/en\/\" \/>\n<meta property=\"og:site_name\" content=\"Mundo Flamenco\" \/>\n<meta property=\"article:modified_time\" content=\"2026-04-01T11:45:51+00:00\" \/>\n<meta name=\"twitter:card\" content=\"summary_large_image\" \/>\n<meta name=\"twitter:label1\" content=\"Est. reading time\" \/>\n\t<meta name=\"twitter:data1\" content=\"2 minutes\" \/>\n<script type=\"application\/ld+json\" class=\"yoast-schema-graph\">{\"@context\":\"https:\\\/\\\/schema.org\",\"@graph\":[{\"@type\":\"WebPage\",\"@id\":\"https:\\\/\\\/www.mundo-flamenco.com\\\/en\\\/\",\"url\":\"https:\\\/\\\/www.mundo-flamenco.com\\\/en\\\/\",\"name\":\"Mundo Flamenco, Freiburg \\\/ Flamenco guitars, workshops, information...\",\"isPartOf\":{\"@id\":\"https:\\\/\\\/www.mundo-flamenco.com\\\/#website\"},\"datePublished\":\"2022-08-21T12:30:51+00:00\",\"dateModified\":\"2026-04-01T11:45:51+00:00\",\"breadcrumb\":{\"@id\":\"https:\\\/\\\/www.mundo-flamenco.com\\\/en\\\/#breadcrumb\"},\"inLanguage\":\"en-US\",\"potentialAction\":[{\"@type\":\"ReadAction\",\"target\":[\"https:\\\/\\\/www.mundo-flamenco.com\\\/en\\\/\"]}]},{\"@type\":\"BreadcrumbList\",\"@id\":\"https:\\\/\\\/www.mundo-flamenco.com\\\/en\\\/#breadcrumb\",\"itemListElement\":[{\"@type\":\"ListItem\",\"position\":1,\"name\":\"Home\",\"item\":\"https:\\\/\\\/www.mundo-flamenco.com\\\/en\\\/\"},{\"@type\":\"ListItem\",\"position\":2,\"name\":\"Start\"}]},{\"@type\":\"WebSite\",\"@id\":\"https:\\\/\\\/www.mundo-flamenco.com\\\/#website\",\"url\":\"https:\\\/\\\/www.mundo-flamenco.com\\\/\",\"name\":\"Mundo Flamenco\",\"description\":\"Mundo Flamenco, der Spezialist f\u00fcr Flamencogitarre, Flamencogitarren\",\"publisher\":{\"@id\":\"https:\\\/\\\/www.mundo-flamenco.com\\\/#organization\"},\"potentialAction\":[{\"@type\":\"SearchAction\",\"target\":{\"@type\":\"EntryPoint\",\"urlTemplate\":\"https:\\\/\\\/www.mundo-flamenco.com\\\/?s={search_term_string}\"},\"query-input\":{\"@type\":\"PropertyValueSpecification\",\"valueRequired\":true,\"valueName\":\"search_term_string\"}}],\"inLanguage\":\"en-US\"},{\"@type\":\"Organization\",\"@id\":\"https:\\\/\\\/www.mundo-flamenco.com\\\/#organization\",\"name\":\"Mundo Flamenco\",\"url\":\"https:\\\/\\\/www.mundo-flamenco.com\\\/\",\"logo\":{\"@type\":\"ImageObject\",\"inLanguage\":\"en-US\",\"@id\":\"https:\\\/\\\/www.mundo-flamenco.com\\\/#\\\/schema\\\/logo\\\/image\\\/\",\"url\":\"https:\\\/\\\/www.mundo-flamenco.com\\\/wp-content\\\/uploads\\\/2022\\\/08\\\/mundo-flamenco-logo.png\",\"contentUrl\":\"https:\\\/\\\/www.mundo-flamenco.com\\\/wp-content\\\/uploads\\\/2022\\\/08\\\/mundo-flamenco-logo.png\",\"width\":514,\"height\":280,\"caption\":\"Mundo Flamenco\"},\"image\":{\"@id\":\"https:\\\/\\\/www.mundo-flamenco.com\\\/#\\\/schema\\\/logo\\\/image\\\/\"}}]}<\/script>\n<!-- \/ Yoast SEO plugin. -->","yoast_head_json":{"title":"Mundo Flamenco, Freiburg \/ Flamenco guitars, workshops, information...","robots":{"index":"index","follow":"follow","max-snippet":"max-snippet:-1","max-image-preview":"max-image-preview:large","max-video-preview":"max-video-preview:-1"},"canonical":"https:\/\/www.mundo-flamenco.com\/en\/","og_locale":"en_US","og_type":"article","og_title":"Mundo Flamenco, Freiburg \/ Flamenco guitars, workshops, information...","og_description":"Workshops in May\/June in Granada with EL Amir &#8211; sold outBoth Workshops are sold outGo to WorkshopJust arrived and still not listedFrancisco Barba 2021, Cypress\/Spruce &#8211; 9990 Euro &#8211; Jorge de la Zofia 2016, Cypress\/Spruce\/Wooden Pegs &#8211; 2990 Euro &#8211; Jos\u00e9 A. Villalba 2020, Cypress\/Spruce\/Wittner Pegs &#8211; 4500 EuroHolidays from 10-25 of AprilDuring this time [&hellip;]","og_url":"https:\/\/www.mundo-flamenco.com\/en\/","og_site_name":"Mundo Flamenco","article_modified_time":"2026-04-01T11:45:51+00:00","twitter_card":"summary_large_image","twitter_misc":{"Est. reading time":"2 minutes"},"schema":{"@context":"https:\/\/schema.org","@graph":[{"@type":"WebPage","@id":"https:\/\/www.mundo-flamenco.com\/en\/","url":"https:\/\/www.mundo-flamenco.com\/en\/","name":"Mundo Flamenco, Freiburg \/ Flamenco guitars, workshops, information...","isPartOf":{"@id":"https:\/\/www.mundo-flamenco.com\/#website"},"datePublished":"2022-08-21T12:30:51+00:00","dateModified":"2026-04-01T11:45:51+00:00","breadcrumb":{"@id":"https:\/\/www.mundo-flamenco.com\/en\/#breadcrumb"},"inLanguage":"en-US","potentialAction":[{"@type":"ReadAction","target":["https:\/\/www.mundo-flamenco.com\/en\/"]}]},{"@type":"BreadcrumbList","@id":"https:\/\/www.mundo-flamenco.com\/en\/#breadcrumb","itemListElement":[{"@type":"ListItem","position":1,"name":"Home","item":"https:\/\/www.mundo-flamenco.com\/en\/"},{"@type":"ListItem","position":2,"name":"Start"}]},{"@type":"WebSite","@id":"https:\/\/www.mundo-flamenco.com\/#website","url":"https:\/\/www.mundo-flamenco.com\/","name":"Mundo Flamenco","description":"Mundo Flamenco, der Spezialist f\u00fcr Flamencogitarre, Flamencogitarren","publisher":{"@id":"https:\/\/www.mundo-flamenco.com\/#organization"},"potentialAction":[{"@type":"SearchAction","target":{"@type":"EntryPoint","urlTemplate":"https:\/\/www.mundo-flamenco.com\/?s={search_term_string}"},"query-input":{"@type":"PropertyValueSpecification","valueRequired":true,"valueName":"search_term_string"}}],"inLanguage":"en-US"},{"@type":"Organization","@id":"https:\/\/www.mundo-flamenco.com\/#organization","name":"Mundo Flamenco","url":"https:\/\/www.mundo-flamenco.com\/","logo":{"@type":"ImageObject","inLanguage":"en-US","@id":"https:\/\/www.mundo-flamenco.com\/#\/schema\/logo\/image\/","url":"https:\/\/www.mundo-flamenco.com\/wp-content\/uploads\/2022\/08\/mundo-flamenco-logo.png","contentUrl":"https:\/\/www.mundo-flamenco.com\/wp-content\/uploads\/2022\/08\/mundo-flamenco-logo.png","width":514,"height":280,"caption":"Mundo Flamenco"},"image":{"@id":"https:\/\/www.mundo-flamenco.com\/#\/schema\/logo\/image\/"}}]}},"_links":{"self":[{"href":"https:\/\/www.mundo-flamenco.com\/en\/wp-json\/wp\/v2\/pages\/251","targetHints":{"allow":["GET"]}}],"collection":[{"href":"https:\/\/www.mundo-flamenco.com\/en\/wp-json\/wp\/v2\/pages"}],"about":[{"href":"https:\/\/www.mundo-flamenco.com\/en\/wp-json\/wp\/v2\/types\/page"}],"author":[{"embeddable":true,"href":"https:\/\/www.mundo-flamenco.com\/en\/wp-json\/wp\/v2\/users\/1"}],"replies":[{"embeddable":true,"href":"https:\/\/www.mundo-flamenco.com\/en\/wp-json\/wp\/v2\/comments?post=251"}],"version-history":[{"count":341,"href":"https:\/\/www.mundo-flamenco.com\/en\/wp-json\/wp\/v2\/pages\/251\/revisions"}],"predecessor-version":[{"id":17373,"href":"https:\/\/www.mundo-flamenco.com\/en\/wp-json\/wp\/v2\/pages\/251\/revisions\/17373"}],"wp:attachment":[{"href":"https:\/\/www.mundo-flamenco.com\/en\/wp-json\/wp\/v2\/media?parent=251"}],"curies":[{"name":"wp","href":"https:\/\/api.w.org\/{rel}","templated":true}]}}